{"id":7505,"date":"2022-10-06T15:14:23","date_gmt":"2022-10-06T21:14:23","guid":{"rendered":"https:\/\/portal.segeplan.gob.gt\/segeplan\/?page_id=7505"},"modified":"2022-10-06T15:35:22","modified_gmt":"2022-10-06T21:35:22","slug":"mas-notas","status":"publish","type":"page","link":"https:\/\/portal.segeplan.gob.gt\/segeplan\/?page_id=7505","title":{"rendered":"M\u00e1s Notas"},"content":{"rendered":"<div class=\"fusion-fullwidth fullwidth-box fusion-builder-row-1 fusion-flex-container nonhundred-percent-fullwidth non-hundred-percent-height-scrolling\" style=\"background-color: rgba(255,255,255,0);background-position: center center;background-repeat: no-repeat;border-width: 0px 0px 0px 0px;border-color:#e2e2e2;border-style:solid;\" ><div class=\"fusion-builder-row fusion-row fusion-flex-align-items-flex-start\" style=\"max-width:1185.6px;margin-left: calc(-4% \/ 2 );margin-right: calc(-4% \/ 2 );\"><div class=\"fusion-layout-column fusion_builder_column fusion-builder-column-0 fusion_builder_column_1_1 1_1 fusion-flex-column\"><div class=\"fusion-column-wrapper fusion-flex-justify-content-flex-start fusion-content-layout-column\" style=\"background-position:left top;background-repeat:no-repeat;-webkit-background-size:cover;-moz-background-size:cover;-o-background-size:cover;background-size:cover;padding: 0px 0px 0px 0px;\"><div class=\"fusion-recent-posts fusion-recent-posts-1 avada-container layout-default layout-columns-3\"><section class=\"fusion-columns columns fusion-columns-3 columns-3\"><article class=\"post fusion-column column col col-lg-4 col-md-4 col-sm-4\"><div class=\"fusion-flexslider fusion-flexslider-loading flexslider flexslider-hover-type-none\"><ul class=\"slides\"><li><a href=\"https:\/\/portal.segeplan.gob.gt\/segeplan\/?p=15138\" aria-label=\"Secretario de SEGEPLAN destaca importancia de la innovaci\u00f3n en la gesti\u00f3n p\u00fablica\" class=\"hover-type-none\"><img decoding=\"async\" width=\"700\" height=\"441\" src=\"https:\/\/portal.segeplan.gob.gt\/segeplan\/wp-content\/uploads\/2026\/04\/foto-Portal-web-abril-20-700x441.jpg\" class=\"attachment-recent-posts size-recent-posts lazyload\" alt=\"\" srcset=\"data:image\/svg+xml,%3Csvg%20xmlns%3D%27http%3A%2F%2Fwww.w3.org%2F2000%2Fsvg%27%20width%3D%272560%27%20height%3D%271202%27%20viewBox%3D%270%200%202560%201202%27%3E%3Crect%20width%3D%272560%27%20height%3D%271202%27%20fill-opacity%3D%220%22%2F%3E%3C%2Fsvg%3E\" data-orig-src=\"https:\/\/portal.segeplan.gob.gt\/segeplan\/wp-content\/uploads\/2026\/04\/foto-Portal-web-abril-20-700x441.jpg\" data-srcset=\"https:\/\/portal.segeplan.gob.gt\/segeplan\/wp-content\/uploads\/2026\/04\/foto-Portal-web-abril-20-320x202.jpg 320w, https:\/\/portal.segeplan.gob.gt\/segeplan\/wp-content\/uploads\/2026\/04\/foto-Portal-web-abril-20-700x441.jpg 700w\" data-sizes=\"auto\" \/><\/a><\/li><\/ul><\/div><div class=\"recent-posts-content\"><span class=\"vcard\" style=\"display: none;\"><span class=\"fn\"><a href=\"https:\/\/portal.segeplan.gob.gt\/segeplan\/?author=4\" title=\"Entradas de Francisco Jose Ericastilla Lazo\" rel=\"author\">Francisco Jose Ericastilla Lazo<\/a><\/span><\/span><span class=\"updated\" style=\"display:none;\">2026-04-21T08:21:43-06:00<\/span><h4 class=\"entry-title\"><a href=\"https:\/\/portal.segeplan.gob.gt\/segeplan\/?p=15138\">Secretario de SEGEPLAN destaca importancia de la innovaci\u00f3n en la gesti\u00f3n p\u00fablica<\/a><\/h4><p class=\"meta\"><span class=\"vcard\" style=\"display: none;\"><span class=\"fn\"><a href=\"https:\/\/portal.segeplan.gob.gt\/segeplan\/?author=4\" title=\"Entradas de Francisco Jose Ericastilla Lazo\" rel=\"author\">Francisco Jose Ericastilla Lazo<\/a><\/span><\/span><span class=\"updated\" style=\"display:none;\">2026-04-21T08:21:43-06:00<\/span><span>abril 21st, 2026<\/span><span class=\"fusion-inline-sep\">|<\/span><span class=\"fusion-comments\"><a href=\"https:\/\/portal.segeplan.gob.gt\/segeplan\/?p=15138#respond\">0 Comments<\/a><\/span><\/p><p> Guatemala, 20 de abril de 2026. \u201cLos Estados en Am\u00e9rica Latina y el Caribe ya no fallan por falta de diagn\u00f3sticos, sino por su limitada capacidad para transformar ese conocimiento en respuestas p\u00fablicas oportunas,<\/p><\/div><\/article><article class=\"post fusion-column column col col-lg-4 col-md-4 col-sm-4\"><div class=\"fusion-flexslider fusion-flexslider-loading flexslider flexslider-hover-type-none\"><ul class=\"slides\"><li><a href=\"https:\/\/portal.segeplan.gob.gt\/segeplan\/?p=15133\" aria-label=\"Promueven di\u00e1logo sobre fortalecimiento del proceso de cooperaci\u00f3n en Guatemala\" class=\"hover-type-none\"><img decoding=\"async\" width=\"700\" height=\"441\" src=\"https:\/\/portal.segeplan.gob.gt\/segeplan\/wp-content\/uploads\/2026\/04\/foto-Portal-web-abril-20b.jpg-700x441.jpeg\" class=\"attachment-recent-posts size-recent-posts lazyload\" alt=\"\" srcset=\"data:image\/svg+xml,%3Csvg%20xmlns%3D%27http%3A%2F%2Fwww.w3.org%2F2000%2Fsvg%27%20width%3D%272560%27%20height%3D%271202%27%20viewBox%3D%270%200%202560%201202%27%3E%3Crect%20width%3D%272560%27%20height%3D%271202%27%20fill-opacity%3D%220%22%2F%3E%3C%2Fsvg%3E\" data-orig-src=\"https:\/\/portal.segeplan.gob.gt\/segeplan\/wp-content\/uploads\/2026\/04\/foto-Portal-web-abril-20b.jpg-700x441.jpeg\" data-srcset=\"https:\/\/portal.segeplan.gob.gt\/segeplan\/wp-content\/uploads\/2026\/04\/foto-Portal-web-abril-20b.jpg-320x202.jpeg 320w, https:\/\/portal.segeplan.gob.gt\/segeplan\/wp-content\/uploads\/2026\/04\/foto-Portal-web-abril-20b.jpg-700x441.jpeg 700w\" data-sizes=\"auto\" \/><\/a><\/li><\/ul><\/div><div class=\"recent-posts-content\"><span class=\"vcard\" style=\"display: none;\"><span class=\"fn\"><a href=\"https:\/\/portal.segeplan.gob.gt\/segeplan\/?author=7\" title=\"Entradas de yazmin contreras\" rel=\"author\">yazmin contreras<\/a><\/span><\/span><span class=\"updated\" style=\"display:none;\">2026-04-20T14:25:45-06:00<\/span><h4 class=\"entry-title\"><a href=\"https:\/\/portal.segeplan.gob.gt\/segeplan\/?p=15133\">Promueven di\u00e1logo sobre fortalecimiento del proceso de cooperaci\u00f3n en Guatemala<\/a><\/h4><p class=\"meta\"><span class=\"vcard\" style=\"display: none;\"><span class=\"fn\"><a href=\"https:\/\/portal.segeplan.gob.gt\/segeplan\/?author=7\" title=\"Entradas de yazmin contreras\" rel=\"author\">yazmin contreras<\/a><\/span><\/span><span class=\"updated\" style=\"display:none;\">2026-04-20T14:25:45-06:00<\/span><span>abril 20th, 2026<\/span><span class=\"fusion-inline-sep\">|<\/span><span class=\"fusion-comments\"><a href=\"https:\/\/portal.segeplan.gob.gt\/segeplan\/?p=15133#respond\">0 Comments<\/a><\/span><\/p><p> Guatemala, 20 de abril de 2026. Directores y t\u00e9cnicos en cooperaci\u00f3n de las instituciones gubernamentales, socios cooperantes de Guatemala y miembros de sociedad civil compartieron experiencias sobre el proceso de registro, gesti\u00f3n e implementaci\u00f3n<\/p><\/div><\/article><article class=\"post fusion-column column col col-lg-4 col-md-4 col-sm-4\"><div class=\"fusion-flexslider fusion-flexslider-loading flexslider flexslider-hover-type-none\"><ul class=\"slides\"><li><a href=\"https:\/\/portal.segeplan.gob.gt\/segeplan\/?p=15125\" aria-label=\"SEGEPLAN preside Reuni\u00f3n de la Mesa Directiva del Consejo Regional de Planificaci\u00f3n de Am\u00e9rica Latina y el Caribe\" class=\"hover-type-none\"><img decoding=\"async\" width=\"700\" height=\"441\" src=\"https:\/\/portal.segeplan.gob.gt\/segeplan\/wp-content\/uploads\/2026\/04\/foto-Portal-web-abril-17-700x441.jpg\" class=\"attachment-recent-posts size-recent-posts lazyload\" alt=\"\" srcset=\"data:image\/svg+xml,%3Csvg%20xmlns%3D%27http%3A%2F%2Fwww.w3.org%2F2000%2Fsvg%27%20width%3D%272560%27%20height%3D%271202%27%20viewBox%3D%270%200%202560%201202%27%3E%3Crect%20width%3D%272560%27%20height%3D%271202%27%20fill-opacity%3D%220%22%2F%3E%3C%2Fsvg%3E\" data-orig-src=\"https:\/\/portal.segeplan.gob.gt\/segeplan\/wp-content\/uploads\/2026\/04\/foto-Portal-web-abril-17-700x441.jpg\" data-srcset=\"https:\/\/portal.segeplan.gob.gt\/segeplan\/wp-content\/uploads\/2026\/04\/foto-Portal-web-abril-17-320x202.jpg 320w, https:\/\/portal.segeplan.gob.gt\/segeplan\/wp-content\/uploads\/2026\/04\/foto-Portal-web-abril-17-700x441.jpg 700w\" data-sizes=\"auto\" \/><\/a><\/li><\/ul><\/div><div class=\"recent-posts-content\"><span class=\"vcard\" style=\"display: none;\"><span class=\"fn\"><a href=\"https:\/\/portal.segeplan.gob.gt\/segeplan\/?author=4\" title=\"Entradas de Francisco Jose Ericastilla Lazo\" rel=\"author\">Francisco Jose Ericastilla Lazo<\/a><\/span><\/span><span class=\"updated\" style=\"display:none;\">2026-04-20T07:37:34-06:00<\/span><h4 class=\"entry-title\"><a href=\"https:\/\/portal.segeplan.gob.gt\/segeplan\/?p=15125\">SEGEPLAN preside Reuni\u00f3n de la Mesa Directiva del Consejo Regional de Planificaci\u00f3n de Am\u00e9rica Latina y el Caribe<\/a><\/h4><p class=\"meta\"><span class=\"vcard\" style=\"display: none;\"><span class=\"fn\"><a href=\"https:\/\/portal.segeplan.gob.gt\/segeplan\/?author=4\" title=\"Entradas de Francisco Jose Ericastilla Lazo\" rel=\"author\">Francisco Jose Ericastilla Lazo<\/a><\/span><\/span><span class=\"updated\" style=\"display:none;\">2026-04-20T07:37:34-06:00<\/span><span>abril 20th, 2026<\/span><span class=\"fusion-inline-sep\">|<\/span><span class=\"fusion-comments\"><a href=\"https:\/\/portal.segeplan.gob.gt\/segeplan\/?p=15125#respond\">0 Comments<\/a><\/span><\/p><p> Guatemala, 16 de abril de 2026. Bajo la conducci\u00f3n de Carlos Mendoza Alvarado, titular de la Secretar\u00eda de Planificaci\u00f3n y Programaci\u00f3n de la Presidencia (SEGEPLAN), en representaci\u00f3n de la vicepresidencia que corresponde a Guatemala,<\/p><\/div><\/article><article class=\"post fusion-column column col col-lg-4 col-md-4 col-sm-4\"><div class=\"fusion-flexslider fusion-flexslider-loading flexslider flexslider-hover-type-none\"><ul class=\"slides\"><li><a href=\"https:\/\/portal.segeplan.gob.gt\/segeplan\/?p=15114\" aria-label=\"Guatemala firma acuerdo de cooperaci\u00f3n con CEPAL para fortalecer la planificaci\u00f3n y gesti\u00f3n p\u00fablica\" class=\"hover-type-none\"><img decoding=\"async\" width=\"700\" height=\"441\" src=\"https:\/\/portal.segeplan.gob.gt\/segeplan\/wp-content\/uploads\/2026\/04\/foto-Portal-web-abril-15b-700x441.jpg\" class=\"attachment-recent-posts size-recent-posts lazyload\" alt=\"\" srcset=\"data:image\/svg+xml,%3Csvg%20xmlns%3D%27http%3A%2F%2Fwww.w3.org%2F2000%2Fsvg%27%20width%3D%272560%27%20height%3D%271202%27%20viewBox%3D%270%200%202560%201202%27%3E%3Crect%20width%3D%272560%27%20height%3D%271202%27%20fill-opacity%3D%220%22%2F%3E%3C%2Fsvg%3E\" data-orig-src=\"https:\/\/portal.segeplan.gob.gt\/segeplan\/wp-content\/uploads\/2026\/04\/foto-Portal-web-abril-15b-700x441.jpg\" data-srcset=\"https:\/\/portal.segeplan.gob.gt\/segeplan\/wp-content\/uploads\/2026\/04\/foto-Portal-web-abril-15b-320x202.jpg 320w, https:\/\/portal.segeplan.gob.gt\/segeplan\/wp-content\/uploads\/2026\/04\/foto-Portal-web-abril-15b-700x441.jpg 700w\" data-sizes=\"auto\" \/><\/a><\/li><\/ul><\/div><div class=\"recent-posts-content\"><span class=\"vcard\" style=\"display: none;\"><span class=\"fn\"><a href=\"https:\/\/portal.segeplan.gob.gt\/segeplan\/?author=4\" title=\"Entradas de Francisco Jose Ericastilla Lazo\" rel=\"author\">Francisco Jose Ericastilla Lazo<\/a><\/span><\/span><span class=\"updated\" style=\"display:none;\">2026-04-16T07:37:40-06:00<\/span><h4 class=\"entry-title\"><a href=\"https:\/\/portal.segeplan.gob.gt\/segeplan\/?p=15114\">Guatemala firma acuerdo de cooperaci\u00f3n con CEPAL para fortalecer la planificaci\u00f3n y gesti\u00f3n p\u00fablica<\/a><\/h4><p class=\"meta\"><span class=\"vcard\" style=\"display: none;\"><span class=\"fn\"><a href=\"https:\/\/portal.segeplan.gob.gt\/segeplan\/?author=4\" title=\"Entradas de Francisco Jose Ericastilla Lazo\" rel=\"author\">Francisco Jose Ericastilla Lazo<\/a><\/span><\/span><span class=\"updated\" style=\"display:none;\">2026-04-16T07:37:40-06:00<\/span><span>abril 16th, 2026<\/span><span class=\"fusion-inline-sep\">|<\/span><span class=\"fusion-comments\"><a href=\"https:\/\/portal.segeplan.gob.gt\/segeplan\/?p=15114#respond\">0 Comments<\/a><\/span><\/p><p> Guatemala, 15 de abril de 2026. Guatemala reafirma su compromiso con el desarrollo sostenible, la modernizaci\u00f3n del Estado y su papel como actor responsable en la comunidad internacional, al suscribir un acuerdo de cooperaci\u00f3n<\/p><\/div><\/article><article class=\"post fusion-column column col col-lg-4 col-md-4 col-sm-4\"><div class=\"fusion-flexslider fusion-flexslider-loading flexslider flexslider-hover-type-none\"><ul class=\"slides\"><li><a href=\"https:\/\/portal.segeplan.gob.gt\/segeplan\/?p=15105\" aria-label=\"SEGEPLAN anuncia primera convocatoria de 2026 del programa Becas por Nuestro Futuro\" class=\"hover-type-none\"><img decoding=\"async\" width=\"700\" height=\"441\" src=\"https:\/\/portal.segeplan.gob.gt\/segeplan\/wp-content\/uploads\/2026\/04\/foto-Portal-web-abril-15.jpg-700x441.jpeg\" class=\"attachment-recent-posts size-recent-posts lazyload\" alt=\"\" srcset=\"data:image\/svg+xml,%3Csvg%20xmlns%3D%27http%3A%2F%2Fwww.w3.org%2F2000%2Fsvg%27%20width%3D%272560%27%20height%3D%271202%27%20viewBox%3D%270%200%202560%201202%27%3E%3Crect%20width%3D%272560%27%20height%3D%271202%27%20fill-opacity%3D%220%22%2F%3E%3C%2Fsvg%3E\" data-orig-src=\"https:\/\/portal.segeplan.gob.gt\/segeplan\/wp-content\/uploads\/2026\/04\/foto-Portal-web-abril-15.jpg-700x441.jpeg\" data-srcset=\"https:\/\/portal.segeplan.gob.gt\/segeplan\/wp-content\/uploads\/2026\/04\/foto-Portal-web-abril-15.jpg-320x202.jpeg 320w, https:\/\/portal.segeplan.gob.gt\/segeplan\/wp-content\/uploads\/2026\/04\/foto-Portal-web-abril-15.jpg-700x441.jpeg 700w\" data-sizes=\"auto\" \/><\/a><\/li><\/ul><\/div><div class=\"recent-posts-content\"><span class=\"vcard\" style=\"display: none;\"><span class=\"fn\"><a href=\"https:\/\/portal.segeplan.gob.gt\/segeplan\/?author=7\" title=\"Entradas de yazmin contreras\" rel=\"author\">yazmin contreras<\/a><\/span><\/span><span class=\"updated\" style=\"display:none;\">2026-04-15T12:14:15-06:00<\/span><h4 class=\"entry-title\"><a href=\"https:\/\/portal.segeplan.gob.gt\/segeplan\/?p=15105\">SEGEPLAN anuncia primera convocatoria de 2026 del programa Becas por Nuestro Futuro<\/a><\/h4><p class=\"meta\"><span class=\"vcard\" style=\"display: none;\"><span class=\"fn\"><a href=\"https:\/\/portal.segeplan.gob.gt\/segeplan\/?author=7\" title=\"Entradas de yazmin contreras\" rel=\"author\">yazmin contreras<\/a><\/span><\/span><span class=\"updated\" style=\"display:none;\">2026-04-15T12:14:15-06:00<\/span><span>abril 15th, 2026<\/span><span class=\"fusion-inline-sep\">|<\/span><span class=\"fusion-comments\"><a href=\"https:\/\/portal.segeplan.gob.gt\/segeplan\/?p=15105#respond\">0 Comments<\/a><\/span><\/p><p> Guatemala, 15 de abril de 2026. El programa Becas por Nuestro Futuro es una iniciativa impulsada por el presidente Bernardo Ar\u00e9valo y ejecutada por la Secretar\u00eda de Planificaci\u00f3n y Programaci\u00f3n de la Presidencia (SEGEPLAN)<\/p><\/div><\/article><article class=\"post fusion-column column col col-lg-4 col-md-4 col-sm-4\"><div class=\"fusion-flexslider fusion-flexslider-loading flexslider flexslider-hover-type-none\"><ul class=\"slides\"><li><a href=\"https:\/\/portal.segeplan.gob.gt\/segeplan\/?p=14968\" aria-label=\"\u00bfEstamos preparados para un terremoto de gran magnitud como el de 1976?\" class=\"hover-type-none\"><img decoding=\"async\" width=\"700\" height=\"441\" src=\"https:\/\/portal.segeplan.gob.gt\/segeplan\/wp-content\/uploads\/2026\/04\/foto-Portal-web-abril-9-700x441.jpg\" class=\"attachment-recent-posts size-recent-posts lazyload\" alt=\"\" srcset=\"data:image\/svg+xml,%3Csvg%20xmlns%3D%27http%3A%2F%2Fwww.w3.org%2F2000%2Fsvg%27%20width%3D%272560%27%20height%3D%271202%27%20viewBox%3D%270%200%202560%201202%27%3E%3Crect%20width%3D%272560%27%20height%3D%271202%27%20fill-opacity%3D%220%22%2F%3E%3C%2Fsvg%3E\" data-orig-src=\"https:\/\/portal.segeplan.gob.gt\/segeplan\/wp-content\/uploads\/2026\/04\/foto-Portal-web-abril-9-700x441.jpg\" data-srcset=\"https:\/\/portal.segeplan.gob.gt\/segeplan\/wp-content\/uploads\/2026\/04\/foto-Portal-web-abril-9-320x202.jpg 320w, https:\/\/portal.segeplan.gob.gt\/segeplan\/wp-content\/uploads\/2026\/04\/foto-Portal-web-abril-9-700x441.jpg 700w\" data-sizes=\"auto\" \/><\/a><\/li><\/ul><\/div><div class=\"recent-posts-content\"><span class=\"vcard\" style=\"display: none;\"><span class=\"fn\"><a href=\"https:\/\/portal.segeplan.gob.gt\/segeplan\/?author=4\" title=\"Entradas de Francisco Jose Ericastilla Lazo\" rel=\"author\">Francisco Jose Ericastilla Lazo<\/a><\/span><\/span><span class=\"updated\" style=\"display:none;\">2026-04-14T07:16:32-06:00<\/span><h4 class=\"entry-title\"><a href=\"https:\/\/portal.segeplan.gob.gt\/segeplan\/?p=14968\">\u00bfEstamos preparados para un terremoto de gran magnitud como el de 1976?<\/a><\/h4><p class=\"meta\"><span class=\"vcard\" style=\"display: none;\"><span class=\"fn\"><a href=\"https:\/\/portal.segeplan.gob.gt\/segeplan\/?author=4\" title=\"Entradas de Francisco Jose Ericastilla Lazo\" rel=\"author\">Francisco Jose Ericastilla Lazo<\/a><\/span><\/span><span class=\"updated\" style=\"display:none;\">2026-04-14T07:16:32-06:00<\/span><span>abril 9th, 2026<\/span><span class=\"fusion-inline-sep\">|<\/span><span class=\"fusion-comments\"><a href=\"https:\/\/portal.segeplan.gob.gt\/segeplan\/?p=14968#respond\">0 Comments<\/a><\/span><\/p><p>Guatemala, 6 de abril de 2026. Cincuenta a\u00f1os despu\u00e9s del terremoto de 1976, \u00bfc\u00f3mo reaccionar\u00edamos institucionalmente ante un evento s\u00edsmico de gran magnitud o emergencia a nivel nacional? M\u00e1s a\u00fan, \u00bfestamos mejor preparados como pa\u00eds<\/p><\/div><\/article><article class=\"post fusion-column column col col-lg-4 col-md-4 col-sm-4\"><div class=\"fusion-flexslider fusion-flexslider-loading flexslider flexslider-hover-type-none\"><ul class=\"slides\"><li><a href=\"https:\/\/portal.segeplan.gob.gt\/segeplan\/?p=14942\" aria-label=\"Asume nuevo subsecretario de Planificaci\u00f3n y Programaci\u00f3n para el Desarrollo\" class=\"hover-type-none\"><img decoding=\"async\" width=\"700\" height=\"441\" src=\"https:\/\/portal.segeplan.gob.gt\/segeplan\/wp-content\/uploads\/2026\/04\/foto-Portal-web-abril-8-700x441.jpg\" class=\"attachment-recent-posts size-recent-posts lazyload\" alt=\"\" srcset=\"data:image\/svg+xml,%3Csvg%20xmlns%3D%27http%3A%2F%2Fwww.w3.org%2F2000%2Fsvg%27%20width%3D%272560%27%20height%3D%271202%27%20viewBox%3D%270%200%202560%201202%27%3E%3Crect%20width%3D%272560%27%20height%3D%271202%27%20fill-opacity%3D%220%22%2F%3E%3C%2Fsvg%3E\" data-orig-src=\"https:\/\/portal.segeplan.gob.gt\/segeplan\/wp-content\/uploads\/2026\/04\/foto-Portal-web-abril-8-700x441.jpg\" data-srcset=\"https:\/\/portal.segeplan.gob.gt\/segeplan\/wp-content\/uploads\/2026\/04\/foto-Portal-web-abril-8-320x202.jpg 320w, https:\/\/portal.segeplan.gob.gt\/segeplan\/wp-content\/uploads\/2026\/04\/foto-Portal-web-abril-8-700x441.jpg 700w\" data-sizes=\"auto\" \/><\/a><\/li><\/ul><\/div><div class=\"recent-posts-content\"><span class=\"vcard\" style=\"display: none;\"><span class=\"fn\"><a href=\"https:\/\/portal.segeplan.gob.gt\/segeplan\/?author=4\" title=\"Entradas de Francisco Jose Ericastilla Lazo\" rel=\"author\">Francisco Jose Ericastilla Lazo<\/a><\/span><\/span><span class=\"updated\" style=\"display:none;\">2026-04-09T07:39:27-06:00<\/span><h4 class=\"entry-title\"><a href=\"https:\/\/portal.segeplan.gob.gt\/segeplan\/?p=14942\">Asume nuevo subsecretario de Planificaci\u00f3n y Programaci\u00f3n para el Desarrollo<\/a><\/h4><p class=\"meta\"><span class=\"vcard\" style=\"display: none;\"><span class=\"fn\"><a href=\"https:\/\/portal.segeplan.gob.gt\/segeplan\/?author=4\" title=\"Entradas de Francisco Jose Ericastilla Lazo\" rel=\"author\">Francisco Jose Ericastilla Lazo<\/a><\/span><\/span><span class=\"updated\" style=\"display:none;\">2026-04-09T07:39:27-06:00<\/span><span>abril 9th, 2026<\/span><span class=\"fusion-inline-sep\">|<\/span><span class=\"fusion-comments\"><a href=\"https:\/\/portal.segeplan.gob.gt\/segeplan\/?p=14942#respond\">0 Comments<\/a><\/span><\/p><p>Guatemala, 07 de abril de 2026. Ervin Fidel Us \u00c1lvarez asumi\u00f3 este martes como nuevo subsecretario de Planificaci\u00f3n y Programaci\u00f3n para el Desarrollo de la Secretar\u00eda de Planificaci\u00f3n y Programaci\u00f3n de la Presidencia, SEGEPLAN. Previo<\/p><\/div><\/article><article class=\"post fusion-column column col col-lg-4 col-md-4 col-sm-4\"><div class=\"fusion-flexslider fusion-flexslider-loading flexslider flexslider-hover-type-none\"><ul class=\"slides\"><li><a href=\"https:\/\/portal.segeplan.gob.gt\/segeplan\/?p=14935\" aria-label=\"Subsecretario de Inversi\u00f3n: Guatemala debe continuar cerrando la brecha en el acceso a agua y saneamiento\" class=\"hover-type-none\"><img decoding=\"async\" width=\"700\" height=\"441\" src=\"https:\/\/portal.segeplan.gob.gt\/segeplan\/wp-content\/uploads\/2026\/04\/foto-Portal-web-abril-8b.jpg-700x441.jpeg\" class=\"attachment-recent-posts size-recent-posts lazyload\" alt=\"\" srcset=\"data:image\/svg+xml,%3Csvg%20xmlns%3D%27http%3A%2F%2Fwww.w3.org%2F2000%2Fsvg%27%20width%3D%272560%27%20height%3D%271202%27%20viewBox%3D%270%200%202560%201202%27%3E%3Crect%20width%3D%272560%27%20height%3D%271202%27%20fill-opacity%3D%220%22%2F%3E%3C%2Fsvg%3E\" data-orig-src=\"https:\/\/portal.segeplan.gob.gt\/segeplan\/wp-content\/uploads\/2026\/04\/foto-Portal-web-abril-8b.jpg-700x441.jpeg\" data-srcset=\"https:\/\/portal.segeplan.gob.gt\/segeplan\/wp-content\/uploads\/2026\/04\/foto-Portal-web-abril-8b.jpg-320x202.jpeg 320w, https:\/\/portal.segeplan.gob.gt\/segeplan\/wp-content\/uploads\/2026\/04\/foto-Portal-web-abril-8b.jpg-700x441.jpeg 700w\" data-sizes=\"auto\" \/><\/a><\/li><\/ul><\/div><div class=\"recent-posts-content\"><span class=\"vcard\" style=\"display: none;\"><span class=\"fn\"><a href=\"https:\/\/portal.segeplan.gob.gt\/segeplan\/?author=7\" title=\"Entradas de yazmin contreras\" rel=\"author\">yazmin contreras<\/a><\/span><\/span><span class=\"updated\" style=\"display:none;\">2026-04-08T16:20:29-06:00<\/span><h4 class=\"entry-title\"><a href=\"https:\/\/portal.segeplan.gob.gt\/segeplan\/?p=14935\">Subsecretario de Inversi\u00f3n: Guatemala debe continuar cerrando la brecha en el acceso a agua y saneamiento<\/a><\/h4><p class=\"meta\"><span class=\"vcard\" style=\"display: none;\"><span class=\"fn\"><a href=\"https:\/\/portal.segeplan.gob.gt\/segeplan\/?author=7\" title=\"Entradas de yazmin contreras\" rel=\"author\">yazmin contreras<\/a><\/span><\/span><span class=\"updated\" style=\"display:none;\">2026-04-08T16:20:29-06:00<\/span><span>abril 8th, 2026<\/span><span class=\"fusion-inline-sep\">|<\/span><span class=\"fusion-comments\"><a href=\"https:\/\/portal.segeplan.gob.gt\/segeplan\/?p=14935#respond\">0 Comments<\/a><\/span><\/p><p>Guatemala, 8 de abril de 2026. En la actualidad, dos de cada 10 viviendas guatemaltecas no tienen acceso a agua potable por lo que la actual administraci\u00f3n ha impulsado la ejecuci\u00f3n de proyectos de esta<\/p><\/div><\/article><article class=\"post fusion-column column col col-lg-4 col-md-4 col-sm-4\"><div class=\"fusion-flexslider fusion-flexslider-loading flexslider flexslider-hover-type-none\"><ul class=\"slides\"><li><a href=\"https:\/\/portal.segeplan.gob.gt\/segeplan\/?p=14877\" aria-label=\"Aprueban punto resolutivo para actualizar distribuci\u00f3n de fondos a consejos de desarrollo\" class=\"hover-type-none\"><img decoding=\"async\" width=\"700\" height=\"441\" src=\"https:\/\/portal.segeplan.gob.gt\/segeplan\/wp-content\/uploads\/2026\/03\/foto-Portal-web-Marzo-31.jpg-700x441.jpeg\" class=\"attachment-recent-posts size-recent-posts lazyload\" alt=\"\" srcset=\"data:image\/svg+xml,%3Csvg%20xmlns%3D%27http%3A%2F%2Fwww.w3.org%2F2000%2Fsvg%27%20width%3D%272560%27%20height%3D%271202%27%20viewBox%3D%270%200%202560%201202%27%3E%3Crect%20width%3D%272560%27%20height%3D%271202%27%20fill-opacity%3D%220%22%2F%3E%3C%2Fsvg%3E\" data-orig-src=\"https:\/\/portal.segeplan.gob.gt\/segeplan\/wp-content\/uploads\/2026\/03\/foto-Portal-web-Marzo-31.jpg-700x441.jpeg\" data-srcset=\"https:\/\/portal.segeplan.gob.gt\/segeplan\/wp-content\/uploads\/2026\/03\/foto-Portal-web-Marzo-31.jpg-320x202.jpeg 320w, https:\/\/portal.segeplan.gob.gt\/segeplan\/wp-content\/uploads\/2026\/03\/foto-Portal-web-Marzo-31.jpg-700x441.jpeg 700w\" data-sizes=\"auto\" \/><\/a><\/li><\/ul><\/div><div class=\"recent-posts-content\"><span class=\"vcard\" style=\"display: none;\"><span class=\"fn\"><a href=\"https:\/\/portal.segeplan.gob.gt\/segeplan\/?author=7\" title=\"Entradas de yazmin contreras\" rel=\"author\">yazmin contreras<\/a><\/span><\/span><span class=\"updated\" style=\"display:none;\">2026-03-31T15:04:48-06:00<\/span><h4 class=\"entry-title\"><a href=\"https:\/\/portal.segeplan.gob.gt\/segeplan\/?p=14877\">Aprueban punto resolutivo para actualizar distribuci\u00f3n de fondos a consejos de desarrollo<\/a><\/h4><p class=\"meta\"><span class=\"vcard\" style=\"display: none;\"><span class=\"fn\"><a href=\"https:\/\/portal.segeplan.gob.gt\/segeplan\/?author=7\" title=\"Entradas de yazmin contreras\" rel=\"author\">yazmin contreras<\/a><\/span><\/span><span class=\"updated\" style=\"display:none;\">2026-03-31T15:04:48-06:00<\/span><span>marzo 31st, 2026<\/span><span class=\"fusion-inline-sep\">|<\/span><span class=\"fusion-comments\"><a href=\"https:\/\/portal.segeplan.gob.gt\/segeplan\/?p=14877#respond\">0 Comments<\/a><\/span><\/p><p> Guatemala, 31 de marzo de 2026. Este martes el Consejo Nacional de Desarrollo Urbano y Rural (Conadur) aprob\u00f3 un punto resolutivo para actualizar la distribuci\u00f3n de recursos p\u00fablicos 2027 destinados a los consejos municipales<\/p><\/div><\/article><article class=\"post fusion-column column col col-lg-4 col-md-4 col-sm-4\"><div class=\"fusion-flexslider fusion-flexslider-loading flexslider flexslider-hover-type-none\"><ul class=\"slides\"><li><a href=\"https:\/\/portal.segeplan.gob.gt\/segeplan\/?p=14871\" aria-label=\"Socializan Normas SNIP 2027 a personal t\u00e9cnico de entidades p\u00fablicas de inversi\u00f3n\" class=\"hover-type-none\"><img decoding=\"async\" width=\"700\" height=\"441\" src=\"https:\/\/portal.segeplan.gob.gt\/segeplan\/wp-content\/uploads\/2026\/03\/foto-Portal-web-Marzo-27c.jpg-1-700x441.jpeg\" class=\"attachment-recent-posts size-recent-posts lazyload\" alt=\"\" srcset=\"data:image\/svg+xml,%3Csvg%20xmlns%3D%27http%3A%2F%2Fwww.w3.org%2F2000%2Fsvg%27%20width%3D%272560%27%20height%3D%271202%27%20viewBox%3D%270%200%202560%201202%27%3E%3Crect%20width%3D%272560%27%20height%3D%271202%27%20fill-opacity%3D%220%22%2F%3E%3C%2Fsvg%3E\" data-orig-src=\"https:\/\/portal.segeplan.gob.gt\/segeplan\/wp-content\/uploads\/2026\/03\/foto-Portal-web-Marzo-27c.jpg-1-700x441.jpeg\" data-srcset=\"https:\/\/portal.segeplan.gob.gt\/segeplan\/wp-content\/uploads\/2026\/03\/foto-Portal-web-Marzo-27c.jpg-1-320x202.jpeg 320w, https:\/\/portal.segeplan.gob.gt\/segeplan\/wp-content\/uploads\/2026\/03\/foto-Portal-web-Marzo-27c.jpg-1-700x441.jpeg 700w\" data-sizes=\"auto\" \/><\/a><\/li><\/ul><\/div><div class=\"recent-posts-content\"><span class=\"vcard\" style=\"display: none;\"><span class=\"fn\"><a href=\"https:\/\/portal.segeplan.gob.gt\/segeplan\/?author=7\" title=\"Entradas de yazmin contreras\" rel=\"author\">yazmin contreras<\/a><\/span><\/span><span class=\"updated\" style=\"display:none;\">2026-03-30T10:15:35-06:00<\/span><h4 class=\"entry-title\"><a href=\"https:\/\/portal.segeplan.gob.gt\/segeplan\/?p=14871\">Socializan Normas SNIP 2027 a personal t\u00e9cnico de entidades p\u00fablicas de inversi\u00f3n<\/a><\/h4><p class=\"meta\"><span class=\"vcard\" style=\"display: none;\"><span class=\"fn\"><a href=\"https:\/\/portal.segeplan.gob.gt\/segeplan\/?author=7\" title=\"Entradas de yazmin contreras\" rel=\"author\">yazmin contreras<\/a><\/span><\/span><span class=\"updated\" style=\"display:none;\">2026-03-30T10:15:35-06:00<\/span><span>marzo 30th, 2026<\/span><span class=\"fusion-inline-sep\">|<\/span><span class=\"fusion-comments\"><a href=\"https:\/\/portal.segeplan.gob.gt\/segeplan\/?p=14871#respond\">0 Comments<\/a><\/span><\/p><p> Guatemala, 27 de marzo de 2026. La Subsecretar\u00eda de Inversi\u00f3n para el Desarrollo efectu\u00f3 un taller para el traslado y socializaci\u00f3n de las Normas del Sistema Nacional de Inversi\u00f3n P\u00fablica (SNIP) 2027 a equipo<\/p><\/div><\/article><article class=\"post fusion-column column col col-lg-4 col-md-4 col-sm-4\"><div class=\"fusion-flexslider fusion-flexslider-loading flexslider flexslider-hover-type-none\"><ul class=\"slides\"><li><a href=\"https:\/\/portal.segeplan.gob.gt\/segeplan\/?p=14863\" aria-label=\"SEGEPLAN e INAP clausuran diplomado de Cooperaci\u00f3n para el Desarrollo\" class=\"hover-type-none\"><img decoding=\"async\" width=\"700\" height=\"441\" src=\"https:\/\/portal.segeplan.gob.gt\/segeplan\/wp-content\/uploads\/2026\/03\/foto-Portal-web-Marzo-27-700x441.jpg\" class=\"attachment-recent-posts size-recent-posts lazyload\" alt=\"\" srcset=\"data:image\/svg+xml,%3Csvg%20xmlns%3D%27http%3A%2F%2Fwww.w3.org%2F2000%2Fsvg%27%20width%3D%272560%27%20height%3D%271202%27%20viewBox%3D%270%200%202560%201202%27%3E%3Crect%20width%3D%272560%27%20height%3D%271202%27%20fill-opacity%3D%220%22%2F%3E%3C%2Fsvg%3E\" data-orig-src=\"https:\/\/portal.segeplan.gob.gt\/segeplan\/wp-content\/uploads\/2026\/03\/foto-Portal-web-Marzo-27-700x441.jpg\" data-srcset=\"https:\/\/portal.segeplan.gob.gt\/segeplan\/wp-content\/uploads\/2026\/03\/foto-Portal-web-Marzo-27-320x202.jpg 320w, https:\/\/portal.segeplan.gob.gt\/segeplan\/wp-content\/uploads\/2026\/03\/foto-Portal-web-Marzo-27-700x441.jpg 700w\" data-sizes=\"auto\" \/><\/a><\/li><\/ul><\/div><div class=\"recent-posts-content\"><span class=\"vcard\" style=\"display: none;\"><span class=\"fn\"><a href=\"https:\/\/portal.segeplan.gob.gt\/segeplan\/?author=4\" title=\"Entradas de Francisco Jose Ericastilla Lazo\" rel=\"author\">Francisco Jose Ericastilla Lazo<\/a><\/span><\/span><span class=\"updated\" style=\"display:none;\">2026-03-27T16:13:55-06:00<\/span><h4 class=\"entry-title\"><a href=\"https:\/\/portal.segeplan.gob.gt\/segeplan\/?p=14863\">SEGEPLAN e INAP clausuran diplomado de Cooperaci\u00f3n para el Desarrollo<\/a><\/h4><p class=\"meta\"><span class=\"vcard\" style=\"display: none;\"><span class=\"fn\"><a href=\"https:\/\/portal.segeplan.gob.gt\/segeplan\/?author=4\" title=\"Entradas de Francisco Jose Ericastilla Lazo\" rel=\"author\">Francisco Jose Ericastilla Lazo<\/a><\/span><\/span><span class=\"updated\" style=\"display:none;\">2026-03-27T16:13:55-06:00<\/span><span>marzo 27th, 2026<\/span><span class=\"fusion-inline-sep\">|<\/span><span class=\"fusion-comments\"><a href=\"https:\/\/portal.segeplan.gob.gt\/segeplan\/?p=14863#respond\">0 Comments<\/a><\/span><\/p><p> Guatemala, 27 de marzo de 2026. La Secretar\u00eda de Planificaci\u00f3n y Programaci\u00f3n de la Presidencia (SEGEPLAN), en coordinaci\u00f3n con el Instituto Nacional de Administraci\u00f3n P\u00fablica (INAP), llevaron a cabo la clausura del Diplomado en<\/p><\/div><\/article><article class=\"post fusion-column column col col-lg-4 col-md-4 col-sm-4\"><div class=\"fusion-flexslider fusion-flexslider-loading flexslider flexslider-hover-type-none\"><ul class=\"slides\"><li><a href=\"https:\/\/portal.segeplan.gob.gt\/segeplan\/?p=14856\" aria-label=\"Hablemos de Evaluaci\u00f3n: Guatemala presenta marco conceptual del SINSE\" class=\"hover-type-none\"><img decoding=\"async\" width=\"700\" height=\"441\" src=\"https:\/\/portal.segeplan.gob.gt\/segeplan\/wp-content\/uploads\/2026\/03\/foto-Portal-web-Marzo-27b.jpg-700x441.jpeg\" class=\"attachment-recent-posts size-recent-posts lazyload\" alt=\"\" srcset=\"data:image\/svg+xml,%3Csvg%20xmlns%3D%27http%3A%2F%2Fwww.w3.org%2F2000%2Fsvg%27%20width%3D%272560%27%20height%3D%271202%27%20viewBox%3D%270%200%202560%201202%27%3E%3Crect%20width%3D%272560%27%20height%3D%271202%27%20fill-opacity%3D%220%22%2F%3E%3C%2Fsvg%3E\" data-orig-src=\"https:\/\/portal.segeplan.gob.gt\/segeplan\/wp-content\/uploads\/2026\/03\/foto-Portal-web-Marzo-27b.jpg-700x441.jpeg\" data-srcset=\"https:\/\/portal.segeplan.gob.gt\/segeplan\/wp-content\/uploads\/2026\/03\/foto-Portal-web-Marzo-27b.jpg-320x202.jpeg 320w, https:\/\/portal.segeplan.gob.gt\/segeplan\/wp-content\/uploads\/2026\/03\/foto-Portal-web-Marzo-27b.jpg-700x441.jpeg 700w\" data-sizes=\"auto\" \/><\/a><\/li><\/ul><\/div><div class=\"recent-posts-content\"><span class=\"vcard\" style=\"display: none;\"><span class=\"fn\"><a href=\"https:\/\/portal.segeplan.gob.gt\/segeplan\/?author=7\" title=\"Entradas de yazmin contreras\" rel=\"author\">yazmin contreras<\/a><\/span><\/span><span class=\"updated\" style=\"display:none;\">2026-04-10T12:20:08-06:00<\/span><h4 class=\"entry-title\"><a href=\"https:\/\/portal.segeplan.gob.gt\/segeplan\/?p=14856\">Hablemos de Evaluaci\u00f3n: Guatemala presenta marco conceptual del SINSE<\/a><\/h4><p class=\"meta\"><span class=\"vcard\" style=\"display: none;\"><span class=\"fn\"><a href=\"https:\/\/portal.segeplan.gob.gt\/segeplan\/?author=7\" title=\"Entradas de yazmin contreras\" rel=\"author\">yazmin contreras<\/a><\/span><\/span><span class=\"updated\" style=\"display:none;\">2026-04-10T12:20:08-06:00<\/span><span>marzo 27th, 2026<\/span><span class=\"fusion-inline-sep\">|<\/span><span class=\"fusion-comments\"><a href=\"https:\/\/portal.segeplan.gob.gt\/segeplan\/?p=14856#respond\">0 Comments<\/a><\/span><\/p><p> Guatemala, 26 de marzo de 2026. La Secretar\u00eda de Planificaci\u00f3n y Programaci\u00f3n de la Presidencia (SEGEPLAN), junto a otras instituciones de Gobierno y aliados internacionales trabaja en la implementaci\u00f3n del Sistema Nacional de Seguimiento<\/p><\/div><\/article><article class=\"post fusion-column column col col-lg-4 col-md-4 col-sm-4\"><div class=\"fusion-flexslider fusion-flexslider-loading flexslider flexslider-hover-type-none\"><ul class=\"slides\"><li><a href=\"https:\/\/portal.segeplan.gob.gt\/segeplan\/?p=14845\" aria-label=\"Becan a m\u00e1s de 300 guatemaltecos para cursar maestr\u00edas en Espa\u00f1a\" class=\"hover-type-none\"><img decoding=\"async\" width=\"700\" height=\"441\" src=\"https:\/\/portal.segeplan.gob.gt\/segeplan\/wp-content\/uploads\/2026\/03\/foto-3.jpg-700x441.jpeg\" class=\"attachment-recent-posts size-recent-posts lazyload\" alt=\"\" srcset=\"data:image\/svg+xml,%3Csvg%20xmlns%3D%27http%3A%2F%2Fwww.w3.org%2F2000%2Fsvg%27%20width%3D%271930%27%20height%3D%27906%27%20viewBox%3D%270%200%201930%20906%27%3E%3Crect%20width%3D%271930%27%20height%3D%27906%27%20fill-opacity%3D%220%22%2F%3E%3C%2Fsvg%3E\" data-orig-src=\"https:\/\/portal.segeplan.gob.gt\/segeplan\/wp-content\/uploads\/2026\/03\/foto-3.jpg-700x441.jpeg\" data-srcset=\"https:\/\/portal.segeplan.gob.gt\/segeplan\/wp-content\/uploads\/2026\/03\/foto-3.jpg-320x202.jpeg 320w, https:\/\/portal.segeplan.gob.gt\/segeplan\/wp-content\/uploads\/2026\/03\/foto-3.jpg-700x441.jpeg 700w\" data-sizes=\"auto\" \/><\/a><\/li><\/ul><\/div><div class=\"recent-posts-content\"><span class=\"vcard\" style=\"display: none;\"><span class=\"fn\"><a href=\"https:\/\/portal.segeplan.gob.gt\/segeplan\/?author=7\" title=\"Entradas de yazmin contreras\" rel=\"author\">yazmin contreras<\/a><\/span><\/span><span class=\"updated\" style=\"display:none;\">2026-03-23T13:48:53-06:00<\/span><h4 class=\"entry-title\"><a href=\"https:\/\/portal.segeplan.gob.gt\/segeplan\/?p=14845\">Becan a m\u00e1s de 300 guatemaltecos para cursar maestr\u00edas en Espa\u00f1a<\/a><\/h4><p class=\"meta\"><span class=\"vcard\" style=\"display: none;\"><span class=\"fn\"><a href=\"https:\/\/portal.segeplan.gob.gt\/segeplan\/?author=7\" title=\"Entradas de yazmin contreras\" rel=\"author\">yazmin contreras<\/a><\/span><\/span><span class=\"updated\" style=\"display:none;\">2026-03-23T13:48:53-06:00<\/span><span>marzo 23rd, 2026<\/span><span class=\"fusion-inline-sep\">|<\/span><span class=\"fusion-comments\"><a href=\"https:\/\/portal.segeplan.gob.gt\/segeplan\/?p=14845#respond\">0 Comments<\/a><\/span><\/p><p> Guatemala, marzo de 2026. El programa Formato Educativo Escuela de Negocios de Espa\u00f1a se ha constituido un aliado estrat\u00e9gico para Guatemala debido a la oferta acad\u00e9mica disponible para ciudadanos del pa\u00eds centroamericano. Esta alianza<\/p><\/div><\/article><article class=\"post fusion-column column col col-lg-4 col-md-4 col-sm-4\"><div class=\"fusion-flexslider fusion-flexslider-loading flexslider flexslider-hover-type-none\"><ul class=\"slides\"><li><a href=\"https:\/\/portal.segeplan.gob.gt\/segeplan\/?p=14827\" aria-label=\"Funcionarios p\u00fablicos desarrollan soluciones innovadoras para fortalecer la gesti\u00f3n de la cooperaci\u00f3n en Guatemala\" class=\"hover-type-none\"><img decoding=\"async\" width=\"700\" height=\"441\" src=\"https:\/\/portal.segeplan.gob.gt\/segeplan\/wp-content\/uploads\/2026\/03\/foto-Portal-web-Marzo-17-1-700x441.jpg\" class=\"attachment-recent-posts size-recent-posts lazyload\" alt=\"\" srcset=\"data:image\/svg+xml,%3Csvg%20xmlns%3D%27http%3A%2F%2Fwww.w3.org%2F2000%2Fsvg%27%20width%3D%272560%27%20height%3D%271202%27%20viewBox%3D%270%200%202560%201202%27%3E%3Crect%20width%3D%272560%27%20height%3D%271202%27%20fill-opacity%3D%220%22%2F%3E%3C%2Fsvg%3E\" data-orig-src=\"https:\/\/portal.segeplan.gob.gt\/segeplan\/wp-content\/uploads\/2026\/03\/foto-Portal-web-Marzo-17-1-700x441.jpg\" data-srcset=\"https:\/\/portal.segeplan.gob.gt\/segeplan\/wp-content\/uploads\/2026\/03\/foto-Portal-web-Marzo-17-1-320x202.jpg 320w, https:\/\/portal.segeplan.gob.gt\/segeplan\/wp-content\/uploads\/2026\/03\/foto-Portal-web-Marzo-17-1-700x441.jpg 700w\" data-sizes=\"auto\" \/><\/a><\/li><\/ul><\/div><div class=\"recent-posts-content\"><span class=\"vcard\" style=\"display: none;\"><span class=\"fn\"><a href=\"https:\/\/portal.segeplan.gob.gt\/segeplan\/?author=4\" title=\"Entradas de Francisco Jose Ericastilla Lazo\" rel=\"author\">Francisco Jose Ericastilla Lazo<\/a><\/span><\/span><span class=\"updated\" style=\"display:none;\">2026-03-18T16:12:15-06:00<\/span><h4 class=\"entry-title\"><a href=\"https:\/\/portal.segeplan.gob.gt\/segeplan\/?p=14827\">Funcionarios p\u00fablicos desarrollan soluciones innovadoras para fortalecer la gesti\u00f3n de la cooperaci\u00f3n en Guatemala<\/a><\/h4><p class=\"meta\"><span class=\"vcard\" style=\"display: none;\"><span class=\"fn\"><a href=\"https:\/\/portal.segeplan.gob.gt\/segeplan\/?author=4\" title=\"Entradas de Francisco Jose Ericastilla Lazo\" rel=\"author\">Francisco Jose Ericastilla Lazo<\/a><\/span><\/span><span class=\"updated\" style=\"display:none;\">2026-03-18T16:12:15-06:00<\/span><span>marzo 18th, 2026<\/span><span class=\"fusion-inline-sep\">|<\/span><span class=\"fusion-comments\"><a href=\"https:\/\/portal.segeplan.gob.gt\/segeplan\/?p=14827#respond\">0 Comments<\/a><\/span><\/p><p> Guatemala, 17 de marzo de 2026. Como actividad de cierre del Diplomado de Cooperaci\u00f3n para el Desarrollo, impartido por la Secretar\u00eda de Planificaci\u00f3n y Programaci\u00f3n de la Presidencia (SEGEPLAN), en coordinaci\u00f3n con el Instituto<\/p><\/div><\/article><article class=\"post fusion-column column col col-lg-4 col-md-4 col-sm-4\"><div class=\"fusion-flexslider fusion-flexslider-loading flexslider flexslider-hover-type-none\"><ul class=\"slides\"><li><a href=\"https:\/\/portal.segeplan.gob.gt\/segeplan\/?p=14813\" aria-label=\"CODEDES reciben lineamientos de planificaci\u00f3n, inversi\u00f3n para el desarrollo (normas SNIP) y presupuesto 2027\" class=\"hover-type-none\"><img decoding=\"async\" width=\"700\" height=\"441\" src=\"https:\/\/portal.segeplan.gob.gt\/segeplan\/wp-content\/uploads\/2026\/03\/foto-Portal-web-Marzo-12.1-700x441.jpg\" class=\"attachment-recent-posts size-recent-posts lazyload\" alt=\"\" srcset=\"data:image\/svg+xml,%3Csvg%20xmlns%3D%27http%3A%2F%2Fwww.w3.org%2F2000%2Fsvg%27%20width%3D%272560%27%20height%3D%271202%27%20viewBox%3D%270%200%202560%201202%27%3E%3Crect%20width%3D%272560%27%20height%3D%271202%27%20fill-opacity%3D%220%22%2F%3E%3C%2Fsvg%3E\" data-orig-src=\"https:\/\/portal.segeplan.gob.gt\/segeplan\/wp-content\/uploads\/2026\/03\/foto-Portal-web-Marzo-12.1-700x441.jpg\" data-srcset=\"https:\/\/portal.segeplan.gob.gt\/segeplan\/wp-content\/uploads\/2026\/03\/foto-Portal-web-Marzo-12.1-320x202.jpg 320w, https:\/\/portal.segeplan.gob.gt\/segeplan\/wp-content\/uploads\/2026\/03\/foto-Portal-web-Marzo-12.1-700x441.jpg 700w\" data-sizes=\"auto\" \/><\/a><\/li><\/ul><\/div><div class=\"recent-posts-content\"><span class=\"vcard\" style=\"display: none;\"><span class=\"fn\"><a href=\"https:\/\/portal.segeplan.gob.gt\/segeplan\/?author=4\" title=\"Entradas de Francisco Jose Ericastilla Lazo\" rel=\"author\">Francisco Jose Ericastilla Lazo<\/a><\/span><\/span><span class=\"updated\" style=\"display:none;\">2026-03-13T10:42:41-06:00<\/span><h4 class=\"entry-title\"><a href=\"https:\/\/portal.segeplan.gob.gt\/segeplan\/?p=14813\">CODEDES reciben lineamientos de planificaci\u00f3n, inversi\u00f3n para el desarrollo (normas SNIP) y presupuesto 2027<\/a><\/h4><p class=\"meta\"><span class=\"vcard\" style=\"display: none;\"><span class=\"fn\"><a href=\"https:\/\/portal.segeplan.gob.gt\/segeplan\/?author=4\" title=\"Entradas de Francisco Jose Ericastilla Lazo\" rel=\"author\">Francisco Jose Ericastilla Lazo<\/a><\/span><\/span><span class=\"updated\" style=\"display:none;\">2026-03-13T10:42:41-06:00<\/span><span>marzo 12th, 2026<\/span><span class=\"fusion-inline-sep\">|<\/span><span class=\"fusion-comments\"><a href=\"https:\/\/portal.segeplan.gob.gt\/segeplan\/?p=14813#respond\">0 Comments<\/a><\/span><\/p><p> Guatemala, 12 de marzo de 2026. La Secretar\u00eda de Planificaci\u00f3n y Programaci\u00f3n de la Presidencia (SEGEPLAN) realiza una jornada de talleres para comunicar a los funcionarios p\u00fablicos del \u00e1mbito territorial la normativa y lineamientos<\/p><\/div><\/article><article class=\"post fusion-column column col col-lg-4 col-md-4 col-sm-4\"><div class=\"fusion-flexslider fusion-flexslider-loading flexslider flexslider-hover-type-none\"><ul class=\"slides\"><li><a href=\"https:\/\/portal.segeplan.gob.gt\/segeplan\/?p=14802\" aria-label=\"Infraestructura ferroviaria: SEGEPLAN participan en capacitaci\u00f3n con el cuerpo de ingenieros de Estados Unidos y Colombia\" class=\"hover-type-none\"><img decoding=\"async\" width=\"700\" height=\"441\" src=\"https:\/\/portal.segeplan.gob.gt\/segeplan\/wp-content\/uploads\/2026\/03\/foto-Portal-web-Marzo-05b-700x441.jpg\" class=\"attachment-recent-posts size-recent-posts lazyload\" alt=\"\" srcset=\"data:image\/svg+xml,%3Csvg%20xmlns%3D%27http%3A%2F%2Fwww.w3.org%2F2000%2Fsvg%27%20width%3D%272560%27%20height%3D%271202%27%20viewBox%3D%270%200%202560%201202%27%3E%3Crect%20width%3D%272560%27%20height%3D%271202%27%20fill-opacity%3D%220%22%2F%3E%3C%2Fsvg%3E\" data-orig-src=\"https:\/\/portal.segeplan.gob.gt\/segeplan\/wp-content\/uploads\/2026\/03\/foto-Portal-web-Marzo-05b-700x441.jpg\" data-srcset=\"https:\/\/portal.segeplan.gob.gt\/segeplan\/wp-content\/uploads\/2026\/03\/foto-Portal-web-Marzo-05b-320x202.jpg 320w, https:\/\/portal.segeplan.gob.gt\/segeplan\/wp-content\/uploads\/2026\/03\/foto-Portal-web-Marzo-05b-700x441.jpg 700w\" data-sizes=\"auto\" \/><\/a><\/li><\/ul><\/div><div class=\"recent-posts-content\"><span class=\"vcard\" style=\"display: none;\"><span class=\"fn\"><a href=\"https:\/\/portal.segeplan.gob.gt\/segeplan\/?author=4\" title=\"Entradas de Francisco Jose Ericastilla Lazo\" rel=\"author\">Francisco Jose Ericastilla Lazo<\/a><\/span><\/span><span class=\"updated\" style=\"display:none;\">2026-03-06T09:25:53-06:00<\/span><h4 class=\"entry-title\"><a href=\"https:\/\/portal.segeplan.gob.gt\/segeplan\/?p=14802\">Infraestructura ferroviaria: SEGEPLAN participan en capacitaci\u00f3n con el cuerpo de ingenieros de Estados Unidos y Colombia<\/a><\/h4><p class=\"meta\"><span class=\"vcard\" style=\"display: none;\"><span class=\"fn\"><a href=\"https:\/\/portal.segeplan.gob.gt\/segeplan\/?author=4\" title=\"Entradas de Francisco Jose Ericastilla Lazo\" rel=\"author\">Francisco Jose Ericastilla Lazo<\/a><\/span><\/span><span class=\"updated\" style=\"display:none;\">2026-03-06T09:25:53-06:00<\/span><span>marzo 6th, 2026<\/span><span class=\"fusion-inline-sep\">|<\/span><span class=\"fusion-comments\"><a href=\"https:\/\/portal.segeplan.gob.gt\/segeplan\/?p=14802#respond\">0 Comments<\/a><\/span><\/p><p> Guatemala, 5 de marzo de 2026. Especialistas de Inversi\u00f3n y Preinversi\u00f3n para el Desarrollo de la Secretar\u00eda de Planificaci\u00f3n y Programaci\u00f3n de la Presidencia (SEGEPLAN), participaron en un intercambio con expertos en la construcci\u00f3n<\/p><\/div><\/article><article class=\"post fusion-column column col col-lg-4 col-md-4 col-sm-4\"><div class=\"fusion-flexslider fusion-flexslider-loading flexslider flexslider-hover-type-none\"><ul class=\"slides\"><li><a href=\"https:\/\/portal.segeplan.gob.gt\/segeplan\/?p=14772\" aria-label=\"Planificaci\u00f3n p\u00fablica 2027-2031 incluye acciones con enfoque de derechos de las personas con discapacidad\" class=\"hover-type-none\"><img decoding=\"async\" width=\"700\" height=\"441\" src=\"https:\/\/portal.segeplan.gob.gt\/segeplan\/wp-content\/uploads\/2026\/03\/foto-Portal-web-Marzo-03-700x441.jpg\" class=\"attachment-recent-posts size-recent-posts lazyload\" alt=\"\" srcset=\"data:image\/svg+xml,%3Csvg%20xmlns%3D%27http%3A%2F%2Fwww.w3.org%2F2000%2Fsvg%27%20width%3D%272560%27%20height%3D%271202%27%20viewBox%3D%270%200%202560%201202%27%3E%3Crect%20width%3D%272560%27%20height%3D%271202%27%20fill-opacity%3D%220%22%2F%3E%3C%2Fsvg%3E\" data-orig-src=\"https:\/\/portal.segeplan.gob.gt\/segeplan\/wp-content\/uploads\/2026\/03\/foto-Portal-web-Marzo-03-700x441.jpg\" data-srcset=\"https:\/\/portal.segeplan.gob.gt\/segeplan\/wp-content\/uploads\/2026\/03\/foto-Portal-web-Marzo-03-320x202.jpg 320w, https:\/\/portal.segeplan.gob.gt\/segeplan\/wp-content\/uploads\/2026\/03\/foto-Portal-web-Marzo-03-700x441.jpg 700w\" data-sizes=\"auto\" \/><\/a><\/li><\/ul><\/div><div class=\"recent-posts-content\"><span class=\"vcard\" style=\"display: none;\"><span class=\"fn\"><a href=\"https:\/\/portal.segeplan.gob.gt\/segeplan\/?author=4\" title=\"Entradas de Francisco Jose Ericastilla Lazo\" rel=\"author\">Francisco Jose Ericastilla Lazo<\/a><\/span><\/span><span class=\"updated\" style=\"display:none;\">2026-03-05T15:04:22-06:00<\/span><h4 class=\"entry-title\"><a href=\"https:\/\/portal.segeplan.gob.gt\/segeplan\/?p=14772\">Planificaci\u00f3n p\u00fablica 2027-2031 incluye acciones con enfoque de derechos de las personas con discapacidad<\/a><\/h4><p class=\"meta\"><span class=\"vcard\" style=\"display: none;\"><span class=\"fn\"><a href=\"https:\/\/portal.segeplan.gob.gt\/segeplan\/?author=4\" title=\"Entradas de Francisco Jose Ericastilla Lazo\" rel=\"author\">Francisco Jose Ericastilla Lazo<\/a><\/span><\/span><span class=\"updated\" style=\"display:none;\">2026-03-05T15:04:22-06:00<\/span><span>marzo 5th, 2026<\/span><span class=\"fusion-inline-sep\">|<\/span><span class=\"fusion-comments\"><a href=\"https:\/\/portal.segeplan.gob.gt\/segeplan\/?p=14772#respond\">0 Comments<\/a><\/span><\/p><p> Guatemala, 2 de marzo de 2026. La Secretar\u00eda de Planificaci\u00f3n y Programaci\u00f3n de la Presidencia (SEGEPLAN) particip\u00f3 en la octava plenaria de la Causa Nacional con y por Personas con Discapacidad, por medio de<\/p><\/div><\/article><article class=\"post fusion-column column col col-lg-4 col-md-4 col-sm-4\"><div class=\"fusion-flexslider fusion-flexslider-loading flexslider flexslider-hover-type-none\"><ul class=\"slides\"><li><a href=\"https:\/\/portal.segeplan.gob.gt\/segeplan\/?p=14759\" aria-label=\"SNIP registra 3,068 proyectos de inversi\u00f3n p\u00fablica aprobados para el ejercicio fiscal 2026\" class=\"hover-type-none\"><img decoding=\"async\" width=\"700\" height=\"441\" src=\"https:\/\/portal.segeplan.gob.gt\/segeplan\/wp-content\/uploads\/2026\/02\/foto-Portal-web-Febrero-27b.jpg-700x441.jpeg\" class=\"attachment-recent-posts size-recent-posts lazyload\" alt=\"\" srcset=\"data:image\/svg+xml,%3Csvg%20xmlns%3D%27http%3A%2F%2Fwww.w3.org%2F2000%2Fsvg%27%20width%3D%272560%27%20height%3D%271202%27%20viewBox%3D%270%200%202560%201202%27%3E%3Crect%20width%3D%272560%27%20height%3D%271202%27%20fill-opacity%3D%220%22%2F%3E%3C%2Fsvg%3E\" data-orig-src=\"https:\/\/portal.segeplan.gob.gt\/segeplan\/wp-content\/uploads\/2026\/02\/foto-Portal-web-Febrero-27b.jpg-700x441.jpeg\" data-srcset=\"https:\/\/portal.segeplan.gob.gt\/segeplan\/wp-content\/uploads\/2026\/02\/foto-Portal-web-Febrero-27b.jpg-320x202.jpeg 320w, https:\/\/portal.segeplan.gob.gt\/segeplan\/wp-content\/uploads\/2026\/02\/foto-Portal-web-Febrero-27b.jpg-700x441.jpeg 700w\" data-sizes=\"auto\" \/><\/a><\/li><\/ul><\/div><div class=\"recent-posts-content\"><span class=\"vcard\" style=\"display: none;\"><span class=\"fn\"><a href=\"https:\/\/portal.segeplan.gob.gt\/segeplan\/?author=7\" title=\"Entradas de yazmin contreras\" rel=\"author\">yazmin contreras<\/a><\/span><\/span><span class=\"updated\" style=\"display:none;\">2026-02-27T17:40:27-06:00<\/span><h4 class=\"entry-title\"><a href=\"https:\/\/portal.segeplan.gob.gt\/segeplan\/?p=14759\">SNIP registra 3,068 proyectos de inversi\u00f3n p\u00fablica aprobados para el ejercicio fiscal 2026<\/a><\/h4><p class=\"meta\"><span class=\"vcard\" style=\"display: none;\"><span class=\"fn\"><a href=\"https:\/\/portal.segeplan.gob.gt\/segeplan\/?author=7\" title=\"Entradas de yazmin contreras\" rel=\"author\">yazmin contreras<\/a><\/span><\/span><span class=\"updated\" style=\"display:none;\">2026-02-27T17:40:27-06:00<\/span><span>febrero 27th, 2026<\/span><span class=\"fusion-inline-sep\">|<\/span><span class=\"fusion-comments\"><a href=\"https:\/\/portal.segeplan.gob.gt\/segeplan\/?p=14759#respond\">0 Comments<\/a><\/span><\/p><p> Guatemala, 27 de febrero de 2026. La Subsecretar\u00eda de Inversi\u00f3n P\u00fablica para el Desarrollo present\u00f3 ante el Consejo Nacional de Desarrollo Urbano y Rural (Conadur) la cantidad de proyectos de inversi\u00f3n p\u00fablica aprobados en<\/p><\/div><\/article><article class=\"post fusion-column column col col-lg-4 col-md-4 col-sm-4\"><div class=\"fusion-flexslider fusion-flexslider-loading flexslider flexslider-hover-type-none\"><ul class=\"slides\"><li><a href=\"https:\/\/portal.segeplan.gob.gt\/segeplan\/?p=14752\" aria-label=\"Pleno del Conadur aprueba actualizaci\u00f3n del Plan Nacional de Desarrollo K\u2019atun\" class=\"hover-type-none\"><img decoding=\"async\" width=\"700\" height=\"441\" src=\"https:\/\/portal.segeplan.gob.gt\/segeplan\/wp-content\/uploads\/2026\/02\/foto-Portal-web-Febrero-27.jpg-700x441.jpeg\" class=\"attachment-recent-posts size-recent-posts lazyload\" alt=\"\" srcset=\"data:image\/svg+xml,%3Csvg%20xmlns%3D%27http%3A%2F%2Fwww.w3.org%2F2000%2Fsvg%27%20width%3D%272560%27%20height%3D%271202%27%20viewBox%3D%270%200%202560%201202%27%3E%3Crect%20width%3D%272560%27%20height%3D%271202%27%20fill-opacity%3D%220%22%2F%3E%3C%2Fsvg%3E\" data-orig-src=\"https:\/\/portal.segeplan.gob.gt\/segeplan\/wp-content\/uploads\/2026\/02\/foto-Portal-web-Febrero-27.jpg-700x441.jpeg\" data-srcset=\"https:\/\/portal.segeplan.gob.gt\/segeplan\/wp-content\/uploads\/2026\/02\/foto-Portal-web-Febrero-27.jpg-320x202.jpeg 320w, https:\/\/portal.segeplan.gob.gt\/segeplan\/wp-content\/uploads\/2026\/02\/foto-Portal-web-Febrero-27.jpg-700x441.jpeg 700w\" data-sizes=\"auto\" \/><\/a><\/li><\/ul><\/div><div class=\"recent-posts-content\"><span class=\"vcard\" style=\"display: none;\"><span class=\"fn\"><a href=\"https:\/\/portal.segeplan.gob.gt\/segeplan\/?author=7\" title=\"Entradas de yazmin contreras\" rel=\"author\">yazmin contreras<\/a><\/span><\/span><span class=\"updated\" style=\"display:none;\">2026-02-27T17:26:05-06:00<\/span><h4 class=\"entry-title\"><a href=\"https:\/\/portal.segeplan.gob.gt\/segeplan\/?p=14752\">Pleno del Conadur aprueba actualizaci\u00f3n del Plan Nacional de Desarrollo K\u2019atun<\/a><\/h4><p class=\"meta\"><span class=\"vcard\" style=\"display: none;\"><span class=\"fn\"><a href=\"https:\/\/portal.segeplan.gob.gt\/segeplan\/?author=7\" title=\"Entradas de yazmin contreras\" rel=\"author\">yazmin contreras<\/a><\/span><\/span><span class=\"updated\" style=\"display:none;\">2026-02-27T17:26:05-06:00<\/span><span>febrero 27th, 2026<\/span><span class=\"fusion-inline-sep\">|<\/span><span class=\"fusion-comments\"><a href=\"https:\/\/portal.segeplan.gob.gt\/segeplan\/?p=14752#respond\">0 Comments<\/a><\/span><\/p><p> Guatemala, 27 de febrero de 2026. En la primera reuni\u00f3n ordinaria de 2026 del Consejo Nacional de Desarrollo Urbano y Rural (Conadur), se aprob\u00f3 la metodolog\u00eda para la actualizaci\u00f3n del Plan Nacional de Desarrollo<\/p><\/div><\/article><article class=\"post fusion-column column col col-lg-4 col-md-4 col-sm-4\"><div class=\"fusion-flexslider fusion-flexslider-loading flexslider flexslider-hover-type-none\"><ul class=\"slides\"><li><a href=\"https:\/\/portal.segeplan.gob.gt\/segeplan\/?p=14743\" aria-label=\"SEGEPLAN socializa los Lineamientos Generales de Pol\u00edtica, Planificaci\u00f3n y Presupuesto 2027-2031\" class=\"hover-type-none\"><img decoding=\"async\" width=\"700\" height=\"441\" src=\"https:\/\/portal.segeplan.gob.gt\/segeplan\/wp-content\/uploads\/2026\/02\/foto-Portal-web-Febrero-26-700x441.jpg\" class=\"attachment-recent-posts size-recent-posts lazyload\" alt=\"\" srcset=\"data:image\/svg+xml,%3Csvg%20xmlns%3D%27http%3A%2F%2Fwww.w3.org%2F2000%2Fsvg%27%20width%3D%272560%27%20height%3D%271202%27%20viewBox%3D%270%200%202560%201202%27%3E%3Crect%20width%3D%272560%27%20height%3D%271202%27%20fill-opacity%3D%220%22%2F%3E%3C%2Fsvg%3E\" data-orig-src=\"https:\/\/portal.segeplan.gob.gt\/segeplan\/wp-content\/uploads\/2026\/02\/foto-Portal-web-Febrero-26-700x441.jpg\" data-srcset=\"https:\/\/portal.segeplan.gob.gt\/segeplan\/wp-content\/uploads\/2026\/02\/foto-Portal-web-Febrero-26-320x202.jpg 320w, https:\/\/portal.segeplan.gob.gt\/segeplan\/wp-content\/uploads\/2026\/02\/foto-Portal-web-Febrero-26-700x441.jpg 700w\" data-sizes=\"auto\" \/><\/a><\/li><\/ul><\/div><div class=\"recent-posts-content\"><span class=\"vcard\" style=\"display: none;\"><span class=\"fn\"><a href=\"https:\/\/portal.segeplan.gob.gt\/segeplan\/?author=4\" title=\"Entradas de Francisco Jose Ericastilla Lazo\" rel=\"author\">Francisco Jose Ericastilla Lazo<\/a><\/span><\/span><span class=\"updated\" style=\"display:none;\">2026-02-26T15:23:54-06:00<\/span><h4 class=\"entry-title\"><a href=\"https:\/\/portal.segeplan.gob.gt\/segeplan\/?p=14743\">SEGEPLAN socializa los Lineamientos Generales de Pol\u00edtica, Planificaci\u00f3n y Presupuesto 2027-2031<\/a><\/h4><p class=\"meta\"><span class=\"vcard\" style=\"display: none;\"><span class=\"fn\"><a href=\"https:\/\/portal.segeplan.gob.gt\/segeplan\/?author=4\" title=\"Entradas de Francisco Jose Ericastilla Lazo\" rel=\"author\">Francisco Jose Ericastilla Lazo<\/a><\/span><\/span><span class=\"updated\" style=\"display:none;\">2026-02-26T15:23:54-06:00<\/span><span>febrero 26th, 2026<\/span><span class=\"fusion-inline-sep\">|<\/span><span class=\"fusion-comments\"><a href=\"https:\/\/portal.segeplan.gob.gt\/segeplan\/?p=14743#respond\">0 Comments<\/a><\/span><\/p><p> Guatemala, 26 de febrero de 2026. La Secretar\u00eda de Planificaci\u00f3n y Programaci\u00f3n de la Presidencia (SEGEPLAN) inici\u00f3 la entrega de los Lineamientos Generales de Pol\u00edtica, Planificaci\u00f3n y Presupuesto 2027-2031, dirigido al personal de las<\/p><\/div><\/article><article class=\"post fusion-column column col col-lg-4 col-md-4 col-sm-4\"><div class=\"fusion-flexslider fusion-flexslider-loading flexslider flexslider-hover-type-none\"><ul class=\"slides\"><li><a href=\"https:\/\/portal.segeplan.gob.gt\/segeplan\/?p=14736\" aria-label=\"Se presentan Normas SNIP 2027 a especialistas de preinversi\u00f3n e inversi\u00f3n\" class=\"hover-type-none\"><img decoding=\"async\" width=\"700\" height=\"441\" src=\"https:\/\/portal.segeplan.gob.gt\/segeplan\/wp-content\/uploads\/2026\/02\/foto-Portal-web-Febrero-26b.jpg-700x441.jpeg\" class=\"attachment-recent-posts size-recent-posts lazyload\" alt=\"\" srcset=\"data:image\/svg+xml,%3Csvg%20xmlns%3D%27http%3A%2F%2Fwww.w3.org%2F2000%2Fsvg%27%20width%3D%272560%27%20height%3D%271202%27%20viewBox%3D%270%200%202560%201202%27%3E%3Crect%20width%3D%272560%27%20height%3D%271202%27%20fill-opacity%3D%220%22%2F%3E%3C%2Fsvg%3E\" data-orig-src=\"https:\/\/portal.segeplan.gob.gt\/segeplan\/wp-content\/uploads\/2026\/02\/foto-Portal-web-Febrero-26b.jpg-700x441.jpeg\" data-srcset=\"https:\/\/portal.segeplan.gob.gt\/segeplan\/wp-content\/uploads\/2026\/02\/foto-Portal-web-Febrero-26b.jpg-320x202.jpeg 320w, https:\/\/portal.segeplan.gob.gt\/segeplan\/wp-content\/uploads\/2026\/02\/foto-Portal-web-Febrero-26b.jpg-700x441.jpeg 700w\" data-sizes=\"auto\" \/><\/a><\/li><\/ul><\/div><div class=\"recent-posts-content\"><span class=\"vcard\" style=\"display: none;\"><span class=\"fn\"><a href=\"https:\/\/portal.segeplan.gob.gt\/segeplan\/?author=7\" title=\"Entradas de yazmin contreras\" rel=\"author\">yazmin contreras<\/a><\/span><\/span><span class=\"updated\" style=\"display:none;\">2026-02-26T12:02:18-06:00<\/span><h4 class=\"entry-title\"><a href=\"https:\/\/portal.segeplan.gob.gt\/segeplan\/?p=14736\">Se presentan Normas SNIP 2027 a especialistas de preinversi\u00f3n e inversi\u00f3n<\/a><\/h4><p class=\"meta\"><span class=\"vcard\" style=\"display: none;\"><span class=\"fn\"><a href=\"https:\/\/portal.segeplan.gob.gt\/segeplan\/?author=7\" title=\"Entradas de yazmin contreras\" rel=\"author\">yazmin contreras<\/a><\/span><\/span><span class=\"updated\" style=\"display:none;\">2026-02-26T12:02:18-06:00<\/span><span>febrero 26th, 2026<\/span><span class=\"fusion-inline-sep\">|<\/span><span class=\"fusion-comments\"><a href=\"https:\/\/portal.segeplan.gob.gt\/segeplan\/?p=14736#respond\">0 Comments<\/a><\/span><\/p><p> Guatemala, 25 de febrero de 2026. Las Normas del Sistema Nacional de Inversi\u00f3n P\u00fablica (SNIP) 2027 fueron presentadas a especialistas de preinversi\u00f3n e inversi\u00f3n de las delegaciones departamentales de la Secretar\u00eda de Planificaci\u00f3n y<\/p><\/div><\/article><article class=\"post fusion-column column col col-lg-4 col-md-4 col-sm-4\"><div class=\"fusion-flexslider fusion-flexslider-loading flexslider flexslider-hover-type-none\"><ul class=\"slides\"><li><a href=\"https:\/\/portal.segeplan.gob.gt\/segeplan\/?p=14722\" aria-label=\"SEGEPLAN presentar\u00e1 propuesta de actualizaci\u00f3n del Plan Nacional de Desarrollo K\u2019atun en sesi\u00f3n del CONADUR\" class=\"hover-type-none\"><img decoding=\"async\" width=\"700\" height=\"441\" src=\"https:\/\/portal.segeplan.gob.gt\/segeplan\/wp-content\/uploads\/2026\/02\/foto-Portal-web-Febrero-25-700x441.jpg\" class=\"attachment-recent-posts size-recent-posts lazyload\" alt=\"\" srcset=\"data:image\/svg+xml,%3Csvg%20xmlns%3D%27http%3A%2F%2Fwww.w3.org%2F2000%2Fsvg%27%20width%3D%272560%27%20height%3D%271202%27%20viewBox%3D%270%200%202560%201202%27%3E%3Crect%20width%3D%272560%27%20height%3D%271202%27%20fill-opacity%3D%220%22%2F%3E%3C%2Fsvg%3E\" data-orig-src=\"https:\/\/portal.segeplan.gob.gt\/segeplan\/wp-content\/uploads\/2026\/02\/foto-Portal-web-Febrero-25-700x441.jpg\" data-srcset=\"https:\/\/portal.segeplan.gob.gt\/segeplan\/wp-content\/uploads\/2026\/02\/foto-Portal-web-Febrero-25-320x202.jpg 320w, https:\/\/portal.segeplan.gob.gt\/segeplan\/wp-content\/uploads\/2026\/02\/foto-Portal-web-Febrero-25-700x441.jpg 700w\" data-sizes=\"auto\" \/><\/a><\/li><\/ul><\/div><div class=\"recent-posts-content\"><span class=\"vcard\" style=\"display: none;\"><span class=\"fn\"><a href=\"https:\/\/portal.segeplan.gob.gt\/segeplan\/?author=7\" title=\"Entradas de yazmin contreras\" rel=\"author\">yazmin contreras<\/a><\/span><\/span><span class=\"updated\" style=\"display:none;\">2026-02-26T09:20:14-06:00<\/span><h4 class=\"entry-title\"><a href=\"https:\/\/portal.segeplan.gob.gt\/segeplan\/?p=14722\">SEGEPLAN presentar\u00e1 propuesta de actualizaci\u00f3n del Plan Nacional de Desarrollo K\u2019atun en sesi\u00f3n del CONADUR<\/a><\/h4><p class=\"meta\"><span class=\"vcard\" style=\"display: none;\"><span class=\"fn\"><a href=\"https:\/\/portal.segeplan.gob.gt\/segeplan\/?author=7\" title=\"Entradas de yazmin contreras\" rel=\"author\">yazmin contreras<\/a><\/span><\/span><span class=\"updated\" style=\"display:none;\">2026-02-26T09:20:14-06:00<\/span><span>febrero 26th, 2026<\/span><span class=\"fusion-inline-sep\">|<\/span><span class=\"fusion-comments\"><a href=\"https:\/\/portal.segeplan.gob.gt\/segeplan\/?p=14722#respond\">0 Comments<\/a><\/span><\/p><p> Guatemala, 24 de febrero de 2026. \u00a0En el marco de la primera sesi\u00f3n ordinaria del Consejo Nacional de Desarrollo Urbano y Rural (CONADUR), la Comisi\u00f3n de Alineaci\u00f3n, Seguimiento y Evaluaci\u00f3n del Plan Nacional de<\/p><\/div><\/article><article class=\"post fusion-column column col col-lg-4 col-md-4 col-sm-4\"><div class=\"fusion-flexslider fusion-flexslider-loading flexslider flexslider-hover-type-none\"><ul class=\"slides\"><li><a href=\"https:\/\/portal.segeplan.gob.gt\/segeplan\/?p=14655\" aria-label=\"SEGEPLAN participa en el Simulacro Nacional por Sismo 2026\" class=\"hover-type-none\"><img decoding=\"async\" width=\"700\" height=\"441\" src=\"https:\/\/portal.segeplan.gob.gt\/segeplan\/wp-content\/uploads\/2026\/02\/foto-Portal-web-Febrero-24-700x441.jpg\" class=\"attachment-recent-posts size-recent-posts lazyload\" alt=\"\" srcset=\"data:image\/svg+xml,%3Csvg%20xmlns%3D%27http%3A%2F%2Fwww.w3.org%2F2000%2Fsvg%27%20width%3D%272560%27%20height%3D%271202%27%20viewBox%3D%270%200%202560%201202%27%3E%3Crect%20width%3D%272560%27%20height%3D%271202%27%20fill-opacity%3D%220%22%2F%3E%3C%2Fsvg%3E\" data-orig-src=\"https:\/\/portal.segeplan.gob.gt\/segeplan\/wp-content\/uploads\/2026\/02\/foto-Portal-web-Febrero-24-700x441.jpg\" data-srcset=\"https:\/\/portal.segeplan.gob.gt\/segeplan\/wp-content\/uploads\/2026\/02\/foto-Portal-web-Febrero-24-320x202.jpg 320w, https:\/\/portal.segeplan.gob.gt\/segeplan\/wp-content\/uploads\/2026\/02\/foto-Portal-web-Febrero-24-700x441.jpg 700w\" data-sizes=\"auto\" \/><\/a><\/li><\/ul><\/div><div class=\"recent-posts-content\"><span class=\"vcard\" style=\"display: none;\"><span class=\"fn\"><a href=\"https:\/\/portal.segeplan.gob.gt\/segeplan\/?author=7\" title=\"Entradas de yazmin contreras\" rel=\"author\">yazmin contreras<\/a><\/span><\/span><span class=\"updated\" style=\"display:none;\">2026-02-24T16:09:50-06:00<\/span><h4 class=\"entry-title\"><a href=\"https:\/\/portal.segeplan.gob.gt\/segeplan\/?p=14655\">SEGEPLAN participa en el Simulacro Nacional por Sismo 2026<\/a><\/h4><p class=\"meta\"><span class=\"vcard\" style=\"display: none;\"><span class=\"fn\"><a href=\"https:\/\/portal.segeplan.gob.gt\/segeplan\/?author=7\" title=\"Entradas de yazmin contreras\" rel=\"author\">yazmin contreras<\/a><\/span><\/span><span class=\"updated\" style=\"display:none;\">2026-02-24T16:09:50-06:00<\/span><span>febrero 24th, 2026<\/span><span class=\"fusion-inline-sep\">|<\/span><span class=\"fusion-comments\"><a href=\"https:\/\/portal.segeplan.gob.gt\/segeplan\/?p=14655#respond\">0 Comments<\/a><\/span><\/p><p> Guatemala, 24 de febrero de 2026. Como parte del Sistema de la Coordinadora Nacional para la Reducci\u00f3n de Desastres (CONRED), la Secretar\u00eda de Planificaci\u00f3n y Programaci\u00f3n de la Presidencia (SEGEPLAN) particip\u00f3 en el Simulacro<\/p><\/div><\/article><article class=\"post fusion-column column col col-lg-4 col-md-4 col-sm-4\"><div class=\"fusion-flexslider fusion-flexslider-loading flexslider flexslider-hover-type-none\"><ul class=\"slides\"><li><a href=\"https:\/\/portal.segeplan.gob.gt\/segeplan\/?p=14632\" aria-label=\"SEGEPLAN entrega Beca Myrna Mack a dos estudiantes de antropolog\u00eda de la USAC\" class=\"hover-type-none\"><img decoding=\"async\" width=\"700\" height=\"441\" src=\"https:\/\/portal.segeplan.gob.gt\/segeplan\/wp-content\/uploads\/2026\/02\/b080719e-8255-4ddb-a397-badc34f8438e-700x441.jpg\" class=\"attachment-recent-posts size-recent-posts lazyload\" alt=\"\" srcset=\"data:image\/svg+xml,%3Csvg%20xmlns%3D%27http%3A%2F%2Fwww.w3.org%2F2000%2Fsvg%27%20width%3D%271920%27%20height%3D%27901%27%20viewBox%3D%270%200%201920%20901%27%3E%3Crect%20width%3D%271920%27%20height%3D%27901%27%20fill-opacity%3D%220%22%2F%3E%3C%2Fsvg%3E\" data-orig-src=\"https:\/\/portal.segeplan.gob.gt\/segeplan\/wp-content\/uploads\/2026\/02\/b080719e-8255-4ddb-a397-badc34f8438e-700x441.jpg\" data-srcset=\"https:\/\/portal.segeplan.gob.gt\/segeplan\/wp-content\/uploads\/2026\/02\/b080719e-8255-4ddb-a397-badc34f8438e-320x202.jpg 320w, https:\/\/portal.segeplan.gob.gt\/segeplan\/wp-content\/uploads\/2026\/02\/b080719e-8255-4ddb-a397-badc34f8438e-700x441.jpg 700w\" data-sizes=\"auto\" \/><\/a><\/li><\/ul><\/div><div class=\"recent-posts-content\"><span class=\"vcard\" style=\"display: none;\"><span class=\"fn\"><a href=\"https:\/\/portal.segeplan.gob.gt\/segeplan\/?author=7\" title=\"Entradas de yazmin contreras\" rel=\"author\">yazmin contreras<\/a><\/span><\/span><span class=\"updated\" style=\"display:none;\">2026-02-23T17:00:12-06:00<\/span><h4 class=\"entry-title\"><a href=\"https:\/\/portal.segeplan.gob.gt\/segeplan\/?p=14632\">SEGEPLAN entrega Beca Myrna Mack a dos estudiantes de antropolog\u00eda de la USAC<\/a><\/h4><p class=\"meta\"><span class=\"vcard\" style=\"display: none;\"><span class=\"fn\"><a href=\"https:\/\/portal.segeplan.gob.gt\/segeplan\/?author=7\" title=\"Entradas de yazmin contreras\" rel=\"author\">yazmin contreras<\/a><\/span><\/span><span class=\"updated\" style=\"display:none;\">2026-02-23T17:00:12-06:00<\/span><span>febrero 23rd, 2026<\/span><span class=\"fusion-inline-sep\">|<\/span><span class=\"fusion-comments\"><a href=\"https:\/\/portal.segeplan.gob.gt\/segeplan\/?p=14632#respond\">0 Comments<\/a><\/span><\/p><p> Guatemala, 23 de febrero de 2026. Carmen Fernanda Luis Acoj y Esvin Eleno Morales Marroqu\u00edn, estudiantes de antropolog\u00eda de la Universidad de San Carlos de Guatemala (USAC), recibieron este d\u00eda la Beca Myrna Mack,<\/p><\/div><\/article><article class=\"post fusion-column column col col-lg-4 col-md-4 col-sm-4\"><div class=\"fusion-flexslider fusion-flexslider-loading flexslider flexslider-hover-type-none\"><ul class=\"slides\"><li><a href=\"https:\/\/portal.segeplan.gob.gt\/segeplan\/?p=14622\" aria-label=\"Comunidad de pr\u00e1ctica de IA de SEGEPLAN realiza su primer encuentro\" class=\"hover-type-none\"><img decoding=\"async\" width=\"700\" height=\"441\" src=\"https:\/\/portal.segeplan.gob.gt\/segeplan\/wp-content\/uploads\/2026\/02\/foto-Portal-web-Febrero-20.jpg-700x441.jpeg\" class=\"attachment-recent-posts size-recent-posts lazyload\" alt=\"\" srcset=\"data:image\/svg+xml,%3Csvg%20xmlns%3D%27http%3A%2F%2Fwww.w3.org%2F2000%2Fsvg%27%20width%3D%272560%27%20height%3D%271202%27%20viewBox%3D%270%200%202560%201202%27%3E%3Crect%20width%3D%272560%27%20height%3D%271202%27%20fill-opacity%3D%220%22%2F%3E%3C%2Fsvg%3E\" data-orig-src=\"https:\/\/portal.segeplan.gob.gt\/segeplan\/wp-content\/uploads\/2026\/02\/foto-Portal-web-Febrero-20.jpg-700x441.jpeg\" data-srcset=\"https:\/\/portal.segeplan.gob.gt\/segeplan\/wp-content\/uploads\/2026\/02\/foto-Portal-web-Febrero-20.jpg-320x202.jpeg 320w, https:\/\/portal.segeplan.gob.gt\/segeplan\/wp-content\/uploads\/2026\/02\/foto-Portal-web-Febrero-20.jpg-700x441.jpeg 700w\" data-sizes=\"auto\" \/><\/a><\/li><\/ul><\/div><div class=\"recent-posts-content\"><span class=\"vcard\" style=\"display: none;\"><span class=\"fn\"><a href=\"https:\/\/portal.segeplan.gob.gt\/segeplan\/?author=7\" title=\"Entradas de yazmin contreras\" rel=\"author\">yazmin contreras<\/a><\/span><\/span><span class=\"updated\" style=\"display:none;\">2026-02-20T12:06:57-06:00<\/span><h4 class=\"entry-title\"><a href=\"https:\/\/portal.segeplan.gob.gt\/segeplan\/?p=14622\">Comunidad de pr\u00e1ctica de IA de SEGEPLAN realiza su primer encuentro<\/a><\/h4><p class=\"meta\"><span class=\"vcard\" style=\"display: none;\"><span class=\"fn\"><a href=\"https:\/\/portal.segeplan.gob.gt\/segeplan\/?author=7\" title=\"Entradas de yazmin contreras\" rel=\"author\">yazmin contreras<\/a><\/span><\/span><span class=\"updated\" style=\"display:none;\">2026-02-20T12:06:57-06:00<\/span><span>febrero 20th, 2026<\/span><span class=\"fusion-inline-sep\">|<\/span><span class=\"fusion-comments\"><a href=\"https:\/\/portal.segeplan.gob.gt\/segeplan\/?p=14622#respond\">0 Comments<\/a><\/span><\/p><p> Guatemala, 20 de febrero de 2026. Utilizar la inteligencia artificial (IA) como herramienta para hacer los procesos m\u00e1s eficientes y fomentar la transparencia en la gesti\u00f3n p\u00fablica es una estrategia a la que le<\/p><\/div><\/article><\/section><\/div><\/div><style type=\"text\/css\">.fusion-body .fusion-builder-column-0{width:100% !important;margin-top : 0px;margin-bottom : 20px;}.fusion-builder-column-0 > .fusion-column-wrapper {padding-top : 0px !important;padding-right : 0px !important;margin-right : 1.92%;padding-bottom : 0px !important;padding-left : 0px !important;margin-left : 1.92%;}@media only screen and (max-width:1024px) {.fusion-body .fusion-builder-column-0{width:100% !important;order : 0;}.fusion-builder-column-0 > .fusion-column-wrapper {margin-right : 1.92%;margin-left : 1.92%;}}@media only screen and (max-width:640px) {.fusion-body .fusion-builder-column-0{width:100% !important;order : 0;}.fusion-builder-column-0 > .fusion-column-wrapper {margin-right : 1.92%;margin-left : 1.92%;}}<\/style><\/div><\/div><style type=\"text\/css\">.fusion-body .fusion-flex-container.fusion-builder-row-1{ padding-top : 0px;margin-top : 0px;padding-right : 0px;padding-bottom : 0px;margin-bottom : 0px;padding-left : 0px;}<\/style><\/div>\n","protected":false},"excerpt":{"rendered":"","protected":false},"author":1,"featured_media":0,"parent":0,"menu_order":0,"comment_status":"closed","ping_status":"closed","template":"","meta":{"_price":"","_stock":"","_tribe_ticket_header":"","_tribe_default_ticket_provider":"","_ticket_start_date":"","_ticket_end_date":"","_tribe_ticket_show_description":"","_tribe_ticket_show_not_going":false,"_tribe_ticket_use_global_stock":"","_tribe_ticket_global_stock_level":"","_global_stock_mode":"","_global_stock_cap":"","_tribe_rsvp_for_event":"","_tribe_ticket_going_count":"","_tribe_ticket_not_going_count":"","_tribe_tickets_list":"[]","_tribe_ticket_has_attendee_info_fields":false,"footnotes":"","_tec_slr_enabled":"","_tec_slr_layout":""},"class_list":["post-7505","page","type-page","status-publish","hentry"],"ticketed":false,"_links":{"self":[{"href":"https:\/\/portal.segeplan.gob.gt\/segeplan\/index.php?rest_route=\/wp\/v2\/pages\/7505","targetHints":{"allow":["GET"]}}],"collection":[{"href":"https:\/\/portal.segeplan.gob.gt\/segeplan\/index.php?rest_route=\/wp\/v2\/pages"}],"about":[{"href":"https:\/\/portal.segeplan.gob.gt\/segeplan\/index.php?rest_route=\/wp\/v2\/types\/page"}],"author":[{"embeddable":true,"href":"https:\/\/portal.segeplan.gob.gt\/segeplan\/index.php?rest_route=\/wp\/v2\/users\/1"}],"replies":[{"embeddable":true,"href":"https:\/\/portal.segeplan.gob.gt\/segeplan\/index.php?rest_route=%2Fwp%2Fv2%2Fcomments&post=7505"}],"version-history":[{"count":17,"href":"https:\/\/portal.segeplan.gob.gt\/segeplan\/index.php?rest_route=\/wp\/v2\/pages\/7505\/revisions"}],"predecessor-version":[{"id":7524,"href":"https:\/\/portal.segeplan.gob.gt\/segeplan\/index.php?rest_route=\/wp\/v2\/pages\/7505\/revisions\/7524"}],"wp:attachment":[{"href":"https:\/\/portal.segeplan.gob.gt\/segeplan\/index.php?rest_route=%2Fwp%2Fv2%2Fmedia&parent=7505"}],"curies":[{"name":"wp","href":"https:\/\/api.w.org\/{rel}","templated":true}]}}