{"id":7505,"date":"2022-10-06T15:14:23","date_gmt":"2022-10-06T21:14:23","guid":{"rendered":"https:\/\/portal.segeplan.gob.gt\/segeplan\/?page_id=7505"},"modified":"2022-10-06T15:35:22","modified_gmt":"2022-10-06T21:35:22","slug":"mas-notas","status":"publish","type":"page","link":"https:\/\/portal.segeplan.gob.gt\/segeplan\/?page_id=7505","title":{"rendered":"M\u00e1s Notas"},"content":{"rendered":"<div class=\"fusion-fullwidth fullwidth-box fusion-builder-row-1 fusion-flex-container nonhundred-percent-fullwidth non-hundred-percent-height-scrolling\" style=\"background-color: rgba(255,255,255,0);background-position: center center;background-repeat: no-repeat;border-width: 0px 0px 0px 0px;border-color:#e2e2e2;border-style:solid;\" ><div class=\"fusion-builder-row fusion-row fusion-flex-align-items-flex-start\" style=\"max-width:1185.6px;margin-left: calc(-4% \/ 2 );margin-right: calc(-4% \/ 2 );\"><div class=\"fusion-layout-column fusion_builder_column fusion-builder-column-0 fusion_builder_column_1_1 1_1 fusion-flex-column\"><div class=\"fusion-column-wrapper fusion-flex-justify-content-flex-start fusion-content-layout-column\" style=\"background-position:left top;background-repeat:no-repeat;-webkit-background-size:cover;-moz-background-size:cover;-o-background-size:cover;background-size:cover;padding: 0px 0px 0px 0px;\"><div class=\"fusion-recent-posts fusion-recent-posts-1 avada-container layout-default layout-columns-3\"><section class=\"fusion-columns columns fusion-columns-3 columns-3\"><article class=\"post fusion-column column col col-lg-4 col-md-4 col-sm-4\"><div class=\"fusion-flexslider fusion-flexslider-loading flexslider flexslider-hover-type-none\"><ul class=\"slides\"><li><a href=\"https:\/\/portal.segeplan.gob.gt\/segeplan\/?p=15976\" aria-label=\"SEGEPLAN busca agilizar el proceso de formulaci\u00f3n de proyectos de infraestructura p\u00fablica\" class=\"hover-type-none\"><img decoding=\"async\" width=\"700\" height=\"441\" src=\"https:\/\/portal.segeplan.gob.gt\/segeplan\/wp-content\/uploads\/2026\/09\/foto-Portal-web-Septiembre-02-700x441.jpg\" class=\"attachment-recent-posts size-recent-posts lazyload\" alt=\"\" srcset=\"data:image\/svg+xml,%3Csvg%20xmlns%3D%27http%3A%2F%2Fwww.w3.org%2F2000%2Fsvg%27%20width%3D%272560%27%20height%3D%271202%27%20viewBox%3D%270%200%202560%201202%27%3E%3Crect%20width%3D%272560%27%20height%3D%271202%27%20fill-opacity%3D%220%22%2F%3E%3C%2Fsvg%3E\" data-orig-src=\"https:\/\/portal.segeplan.gob.gt\/segeplan\/wp-content\/uploads\/2026\/09\/foto-Portal-web-Septiembre-02-700x441.jpg\" data-srcset=\"https:\/\/portal.segeplan.gob.gt\/segeplan\/wp-content\/uploads\/2026\/09\/foto-Portal-web-Septiembre-02-320x202.jpg 320w, https:\/\/portal.segeplan.gob.gt\/segeplan\/wp-content\/uploads\/2026\/09\/foto-Portal-web-Septiembre-02-700x441.jpg 700w\" data-sizes=\"auto\" \/><\/a><\/li><\/ul><\/div><div class=\"recent-posts-content\"><span class=\"vcard\" style=\"display: none;\"><span class=\"fn\"><a href=\"https:\/\/portal.segeplan.gob.gt\/segeplan\/?author=7\" rel=\"author\">yazmin contreras<\/a><\/span><\/span><span class=\"updated\" style=\"display:none;\">2026-09-02T15:13:02-06:00<\/span><h4 class=\"entry-title\"><a href=\"https:\/\/portal.segeplan.gob.gt\/segeplan\/?p=15976\">SEGEPLAN busca agilizar el proceso de formulaci\u00f3n de proyectos de infraestructura p\u00fablica<\/a><\/h4><p class=\"meta\"><span class=\"vcard\" style=\"display: none;\"><span class=\"fn\"><a href=\"https:\/\/portal.segeplan.gob.gt\/segeplan\/?author=7\" rel=\"author\">yazmin contreras<\/a><\/span><\/span><span class=\"updated\" style=\"display:none;\">2026-09-02T15:13:02-06:00<\/span><span>septiembre 2nd, 2026<\/span><span class=\"fusion-inline-sep\">|<\/span><span class=\"fusion-comments\"><a href=\"https:\/\/portal.segeplan.gob.gt\/segeplan\/?p=15976#respond\">0 Comments<\/a><\/span><\/p><p> Guatemala, agosto de 2026. La inversi\u00f3n p\u00fablica es una de las herramientas m\u00e1s poderosas con las que cuenta el Estado para transformar el territorio y ampliar oportunidades. Una escuela, un puesto de salud, un<\/p><\/div><\/article><article class=\"post fusion-column column col col-lg-4 col-md-4 col-sm-4\"><div class=\"fusion-flexslider fusion-flexslider-loading flexslider flexslider-hover-type-none\"><ul class=\"slides\"><li><a href=\"https:\/\/portal.segeplan.gob.gt\/segeplan\/?p=15970\" aria-label=\"Guatemala celebra primer Encuentro Nacional de Planificaci\u00f3n\" class=\"hover-type-none\"><img decoding=\"async\" width=\"700\" height=\"441\" src=\"https:\/\/portal.segeplan.gob.gt\/segeplan\/wp-content\/uploads\/2026\/08\/foto-Portal-web-Agosto-27.jpg-700x441.jpeg\" class=\"attachment-recent-posts size-recent-posts lazyload\" alt=\"\" srcset=\"data:image\/svg+xml,%3Csvg%20xmlns%3D%27http%3A%2F%2Fwww.w3.org%2F2000%2Fsvg%27%20width%3D%272560%27%20height%3D%271202%27%20viewBox%3D%270%200%202560%201202%27%3E%3Crect%20width%3D%272560%27%20height%3D%271202%27%20fill-opacity%3D%220%22%2F%3E%3C%2Fsvg%3E\" data-orig-src=\"https:\/\/portal.segeplan.gob.gt\/segeplan\/wp-content\/uploads\/2026\/08\/foto-Portal-web-Agosto-27.jpg-700x441.jpeg\" data-srcset=\"https:\/\/portal.segeplan.gob.gt\/segeplan\/wp-content\/uploads\/2026\/08\/foto-Portal-web-Agosto-27.jpg-320x202.jpeg 320w, https:\/\/portal.segeplan.gob.gt\/segeplan\/wp-content\/uploads\/2026\/08\/foto-Portal-web-Agosto-27.jpg-700x441.jpeg 700w\" data-sizes=\"auto\" \/><\/a><\/li><\/ul><\/div><div class=\"recent-posts-content\"><span class=\"vcard\" style=\"display: none;\"><span class=\"fn\"><a href=\"https:\/\/portal.segeplan.gob.gt\/segeplan\/?author=7\" rel=\"author\">yazmin contreras<\/a><\/span><\/span><span class=\"updated\" style=\"display:none;\">2026-08-31T10:59:02-06:00<\/span><h4 class=\"entry-title\"><a href=\"https:\/\/portal.segeplan.gob.gt\/segeplan\/?p=15970\">Guatemala celebra primer Encuentro Nacional de Planificaci\u00f3n<\/a><\/h4><p class=\"meta\"><span class=\"vcard\" style=\"display: none;\"><span class=\"fn\"><a href=\"https:\/\/portal.segeplan.gob.gt\/segeplan\/?author=7\" rel=\"author\">yazmin contreras<\/a><\/span><\/span><span class=\"updated\" style=\"display:none;\">2026-08-31T10:59:02-06:00<\/span><span>agosto 31st, 2026<\/span><span class=\"fusion-inline-sep\">|<\/span><span class=\"fusion-comments\"><a href=\"https:\/\/portal.segeplan.gob.gt\/segeplan\/?p=15970#respond\">0 Comments<\/a><\/span><\/p><p>Guatemala, 27 de agosto de 2026. La Secretar\u00eda de Planificaci\u00f3n y Programaci\u00f3n de la Presidencia (SEGEPLAN) lider\u00f3 el primer Encuentro Nacional de Planificaci\u00f3n, un espacio que re\u00fane a representantes de instituciones del sector p\u00fablico que<\/p><\/div><\/article><article class=\"post fusion-column column col col-lg-4 col-md-4 col-sm-4\"><div class=\"fusion-flexslider fusion-flexslider-loading flexslider flexslider-hover-type-none\"><ul class=\"slides\"><li><a href=\"https:\/\/portal.segeplan.gob.gt\/segeplan\/?p=15959\" aria-label=\"Juventudes del departamento de Guatemala aportan su visi\u00f3n para construir el futuro del pa\u00eds\" class=\"hover-type-none\"><img decoding=\"async\" width=\"700\" height=\"441\" src=\"https:\/\/portal.segeplan.gob.gt\/segeplan\/wp-content\/uploads\/2026\/08\/foto-Portal-web-Agosto-27b-1-700x441.jpg\" class=\"attachment-recent-posts size-recent-posts lazyload\" alt=\"\" srcset=\"data:image\/svg+xml,%3Csvg%20xmlns%3D%27http%3A%2F%2Fwww.w3.org%2F2000%2Fsvg%27%20width%3D%272560%27%20height%3D%271202%27%20viewBox%3D%270%200%202560%201202%27%3E%3Crect%20width%3D%272560%27%20height%3D%271202%27%20fill-opacity%3D%220%22%2F%3E%3C%2Fsvg%3E\" data-orig-src=\"https:\/\/portal.segeplan.gob.gt\/segeplan\/wp-content\/uploads\/2026\/08\/foto-Portal-web-Agosto-27b-1-700x441.jpg\" data-srcset=\"https:\/\/portal.segeplan.gob.gt\/segeplan\/wp-content\/uploads\/2026\/08\/foto-Portal-web-Agosto-27b-1-320x202.jpg 320w, https:\/\/portal.segeplan.gob.gt\/segeplan\/wp-content\/uploads\/2026\/08\/foto-Portal-web-Agosto-27b-1-700x441.jpg 700w\" data-sizes=\"auto\" \/><\/a><\/li><\/ul><\/div><div class=\"recent-posts-content\"><span class=\"vcard\" style=\"display: none;\"><span class=\"fn\"><a href=\"https:\/\/portal.segeplan.gob.gt\/segeplan\/?author=4\" rel=\"author\">Francisco Jose Ericastilla Lazo<\/a><\/span><\/span><span class=\"updated\" style=\"display:none;\">2026-08-28T14:39:07-06:00<\/span><h4 class=\"entry-title\"><a href=\"https:\/\/portal.segeplan.gob.gt\/segeplan\/?p=15959\">Juventudes del departamento de Guatemala aportan su visi\u00f3n para construir el futuro del pa\u00eds<\/a><\/h4><p class=\"meta\"><span class=\"vcard\" style=\"display: none;\"><span class=\"fn\"><a href=\"https:\/\/portal.segeplan.gob.gt\/segeplan\/?author=4\" rel=\"author\">Francisco Jose Ericastilla Lazo<\/a><\/span><\/span><span class=\"updated\" style=\"display:none;\">2026-08-28T14:39:07-06:00<\/span><span>agosto 28th, 2026<\/span><span class=\"fusion-inline-sep\">|<\/span><span class=\"fusion-comments\"><a href=\"https:\/\/portal.segeplan.gob.gt\/segeplan\/?p=15959#respond\">0 Comments<\/a><\/span><\/p><p> Guatemala, agosto de 2026. En el marco del proceso de actualizaci\u00f3n del Plan Nacional de Desarrollo K'atun, Nuestra Guatemala al 2052, se llev\u00f3 a cabo el primer taller del Modelo de Futuros Participativos, con<\/p><\/div><\/article><article class=\"post fusion-column column col col-lg-4 col-md-4 col-sm-4\"><div class=\"fusion-flexslider fusion-flexslider-loading flexslider flexslider-hover-type-none\"><ul class=\"slides\"><li><a href=\"https:\/\/portal.segeplan.gob.gt\/segeplan\/?p=15949\" aria-label=\"Guatemala y Luxemburgo fortalecen di\u00e1logo para impulsar nuevas oportunidades de cooperaci\u00f3n\" class=\"hover-type-none\"><img decoding=\"async\" width=\"700\" height=\"441\" src=\"https:\/\/portal.segeplan.gob.gt\/segeplan\/wp-content\/uploads\/2026\/08\/foto-Portal-web-Agosto-25-700x441.jpg\" class=\"attachment-recent-posts size-recent-posts lazyload\" alt=\"\" srcset=\"data:image\/svg+xml,%3Csvg%20xmlns%3D%27http%3A%2F%2Fwww.w3.org%2F2000%2Fsvg%27%20width%3D%272560%27%20height%3D%271202%27%20viewBox%3D%270%200%202560%201202%27%3E%3Crect%20width%3D%272560%27%20height%3D%271202%27%20fill-opacity%3D%220%22%2F%3E%3C%2Fsvg%3E\" data-orig-src=\"https:\/\/portal.segeplan.gob.gt\/segeplan\/wp-content\/uploads\/2026\/08\/foto-Portal-web-Agosto-25-700x441.jpg\" data-srcset=\"https:\/\/portal.segeplan.gob.gt\/segeplan\/wp-content\/uploads\/2026\/08\/foto-Portal-web-Agosto-25-320x202.jpg 320w, https:\/\/portal.segeplan.gob.gt\/segeplan\/wp-content\/uploads\/2026\/08\/foto-Portal-web-Agosto-25-700x441.jpg 700w\" data-sizes=\"auto\" \/><\/a><\/li><\/ul><\/div><div class=\"recent-posts-content\"><span class=\"vcard\" style=\"display: none;\"><span class=\"fn\"><a href=\"https:\/\/portal.segeplan.gob.gt\/segeplan\/?author=4\" rel=\"author\">Francisco Jose Ericastilla Lazo<\/a><\/span><\/span><span class=\"updated\" style=\"display:none;\">2026-08-26T11:50:58-06:00<\/span><h4 class=\"entry-title\"><a href=\"https:\/\/portal.segeplan.gob.gt\/segeplan\/?p=15949\">Guatemala y Luxemburgo fortalecen di\u00e1logo para impulsar nuevas oportunidades de cooperaci\u00f3n<\/a><\/h4><p class=\"meta\"><span class=\"vcard\" style=\"display: none;\"><span class=\"fn\"><a href=\"https:\/\/portal.segeplan.gob.gt\/segeplan\/?author=4\" rel=\"author\">Francisco Jose Ericastilla Lazo<\/a><\/span><\/span><span class=\"updated\" style=\"display:none;\">2026-08-26T11:50:58-06:00<\/span><span>agosto 26th, 2026<\/span><span class=\"fusion-inline-sep\">|<\/span><span class=\"fusion-comments\"><a href=\"https:\/\/portal.segeplan.gob.gt\/segeplan\/?p=15949#respond\">0 Comments<\/a><\/span><\/p><p> Guatemala, agosto de 2026. Con el objetivo de identificar \u00e1reas de inter\u00e9s com\u00fan y nuevas oportunidades de cooperaci\u00f3n para Guatemala, el Ministerio de Relaciones Exteriores (MINEX) y la Secretar\u00eda de Planificaci\u00f3n y Programaci\u00f3n de<\/p><\/div><\/article><article class=\"post fusion-column column col col-lg-4 col-md-4 col-sm-4\"><div class=\"fusion-flexslider fusion-flexslider-loading flexslider flexslider-hover-type-none\"><ul class=\"slides\"><li><a href=\"https:\/\/portal.segeplan.gob.gt\/segeplan\/?p=15942\" aria-label=\"Presentan instructivo y herramienta para elaboraci\u00f3n de informes sobre avances de gobierno\" class=\"hover-type-none\"><img decoding=\"async\" width=\"700\" height=\"441\" src=\"https:\/\/portal.segeplan.gob.gt\/segeplan\/wp-content\/uploads\/2026\/08\/WhatsApp-Image-2026-08-25-at-16.18.12-700x441.jpeg\" class=\"attachment-recent-posts size-recent-posts lazyload\" alt=\"\" srcset=\"data:image\/svg+xml,%3Csvg%20xmlns%3D%27http%3A%2F%2Fwww.w3.org%2F2000%2Fsvg%27%20width%3D%271600%27%20height%3D%27751%27%20viewBox%3D%270%200%201600%20751%27%3E%3Crect%20width%3D%271600%27%20height%3D%27751%27%20fill-opacity%3D%220%22%2F%3E%3C%2Fsvg%3E\" data-orig-src=\"https:\/\/portal.segeplan.gob.gt\/segeplan\/wp-content\/uploads\/2026\/08\/WhatsApp-Image-2026-08-25-at-16.18.12-700x441.jpeg\" data-srcset=\"https:\/\/portal.segeplan.gob.gt\/segeplan\/wp-content\/uploads\/2026\/08\/WhatsApp-Image-2026-08-25-at-16.18.12-320x202.jpeg 320w, https:\/\/portal.segeplan.gob.gt\/segeplan\/wp-content\/uploads\/2026\/08\/WhatsApp-Image-2026-08-25-at-16.18.12-700x441.jpeg 700w\" data-sizes=\"auto\" \/><\/a><\/li><\/ul><\/div><div class=\"recent-posts-content\"><span class=\"vcard\" style=\"display: none;\"><span class=\"fn\"><a href=\"https:\/\/portal.segeplan.gob.gt\/segeplan\/?author=7\" rel=\"author\">yazmin contreras<\/a><\/span><\/span><span class=\"updated\" style=\"display:none;\">2026-08-25T16:36:05-06:00<\/span><h4 class=\"entry-title\"><a href=\"https:\/\/portal.segeplan.gob.gt\/segeplan\/?p=15942\">Presentan instructivo y herramienta para elaboraci\u00f3n de informes sobre avances de gobierno<\/a><\/h4><p class=\"meta\"><span class=\"vcard\" style=\"display: none;\"><span class=\"fn\"><a href=\"https:\/\/portal.segeplan.gob.gt\/segeplan\/?author=7\" rel=\"author\">yazmin contreras<\/a><\/span><\/span><span class=\"updated\" style=\"display:none;\">2026-08-25T16:36:05-06:00<\/span><span>agosto 25th, 2026<\/span><span class=\"fusion-inline-sep\">|<\/span><span class=\"fusion-comments\"><a href=\"https:\/\/portal.segeplan.gob.gt\/segeplan\/?p=15942#respond\">0 Comments<\/a><\/span><\/p><p> Guatemala, 25 de agosto de 2026. Con el prop\u00f3sito de unificar el contenido que se utiliza como base para la elaboraci\u00f3n de dos informes estatales, la Secretar\u00eda de Planificaci\u00f3n y Programaci\u00f3n de la Presidencia<\/p><\/div><\/article><article class=\"post fusion-column column col col-lg-4 col-md-4 col-sm-4\"><div class=\"fusion-flexslider fusion-flexslider-loading flexslider flexslider-hover-type-none\"><ul class=\"slides\"><li><a href=\"https:\/\/portal.segeplan.gob.gt\/segeplan\/?p=15934\" aria-label=\"SEGEPLAN impulsa cat\u00e1logo interactivo de la oferta de la cooperaci\u00f3n t\u00e9cnica en el pa\u00eds\" class=\"hover-type-none\"><img decoding=\"async\" width=\"700\" height=\"441\" src=\"https:\/\/portal.segeplan.gob.gt\/segeplan\/wp-content\/uploads\/2026\/08\/foto-Portal-web-Agosto-21-1-700x441.jpg\" class=\"attachment-recent-posts size-recent-posts lazyload\" alt=\"\" srcset=\"data:image\/svg+xml,%3Csvg%20xmlns%3D%27http%3A%2F%2Fwww.w3.org%2F2000%2Fsvg%27%20width%3D%272560%27%20height%3D%271202%27%20viewBox%3D%270%200%202560%201202%27%3E%3Crect%20width%3D%272560%27%20height%3D%271202%27%20fill-opacity%3D%220%22%2F%3E%3C%2Fsvg%3E\" data-orig-src=\"https:\/\/portal.segeplan.gob.gt\/segeplan\/wp-content\/uploads\/2026\/08\/foto-Portal-web-Agosto-21-1-700x441.jpg\" data-srcset=\"https:\/\/portal.segeplan.gob.gt\/segeplan\/wp-content\/uploads\/2026\/08\/foto-Portal-web-Agosto-21-1-320x202.jpg 320w, https:\/\/portal.segeplan.gob.gt\/segeplan\/wp-content\/uploads\/2026\/08\/foto-Portal-web-Agosto-21-1-700x441.jpg 700w\" data-sizes=\"auto\" \/><\/a><\/li><\/ul><\/div><div class=\"recent-posts-content\"><span class=\"vcard\" style=\"display: none;\"><span class=\"fn\"><a href=\"https:\/\/portal.segeplan.gob.gt\/segeplan\/?author=4\" rel=\"author\">Francisco Jose Ericastilla Lazo<\/a><\/span><\/span><span class=\"updated\" style=\"display:none;\">2026-08-25T07:50:05-06:00<\/span><h4 class=\"entry-title\"><a href=\"https:\/\/portal.segeplan.gob.gt\/segeplan\/?p=15934\">SEGEPLAN impulsa cat\u00e1logo interactivo de la oferta de la cooperaci\u00f3n t\u00e9cnica en el pa\u00eds<\/a><\/h4><p class=\"meta\"><span class=\"vcard\" style=\"display: none;\"><span class=\"fn\"><a href=\"https:\/\/portal.segeplan.gob.gt\/segeplan\/?author=4\" rel=\"author\">Francisco Jose Ericastilla Lazo<\/a><\/span><\/span><span class=\"updated\" style=\"display:none;\">2026-08-25T07:50:05-06:00<\/span><span>agosto 25th, 2026<\/span><span class=\"fusion-inline-sep\">|<\/span><span class=\"fusion-comments\"><a href=\"https:\/\/portal.segeplan.gob.gt\/segeplan\/?p=15934#respond\">0 Comments<\/a><\/span><\/p><p> Guatemala, 20 de agosto de 2026. La Secretar\u00eda de Planificaci\u00f3n y Programaci\u00f3n de la Presidencia (SEGEPLAN), por medio de la Subsecretar\u00eda de Cooperaci\u00f3n y Alianzas para el Desarrollo, impulsa el proceso de elaboraci\u00f3n del<\/p><\/div><\/article><article class=\"post fusion-column column col col-lg-4 col-md-4 col-sm-4\"><div class=\"fusion-flexslider fusion-flexslider-loading flexslider flexslider-hover-type-none\"><ul class=\"slides\"><li><a href=\"https:\/\/portal.segeplan.gob.gt\/segeplan\/?p=15927\" aria-label=\"SEGEPLAN resalta papel de inversi\u00f3n p\u00fablica en la atracci\u00f3n de inversi\u00f3n privada\" class=\"hover-type-none\"><img decoding=\"async\" width=\"700\" height=\"441\" src=\"https:\/\/portal.segeplan.gob.gt\/segeplan\/wp-content\/uploads\/2026\/08\/foto-Portal-web-Agosto-20.jpg-700x441.jpeg\" class=\"attachment-recent-posts size-recent-posts lazyload\" alt=\"\" srcset=\"data:image\/svg+xml,%3Csvg%20xmlns%3D%27http%3A%2F%2Fwww.w3.org%2F2000%2Fsvg%27%20width%3D%272560%27%20height%3D%271202%27%20viewBox%3D%270%200%202560%201202%27%3E%3Crect%20width%3D%272560%27%20height%3D%271202%27%20fill-opacity%3D%220%22%2F%3E%3C%2Fsvg%3E\" data-orig-src=\"https:\/\/portal.segeplan.gob.gt\/segeplan\/wp-content\/uploads\/2026\/08\/foto-Portal-web-Agosto-20.jpg-700x441.jpeg\" data-srcset=\"https:\/\/portal.segeplan.gob.gt\/segeplan\/wp-content\/uploads\/2026\/08\/foto-Portal-web-Agosto-20.jpg-320x202.jpeg 320w, https:\/\/portal.segeplan.gob.gt\/segeplan\/wp-content\/uploads\/2026\/08\/foto-Portal-web-Agosto-20.jpg-700x441.jpeg 700w\" data-sizes=\"auto\" \/><\/a><\/li><\/ul><\/div><div class=\"recent-posts-content\"><span class=\"vcard\" style=\"display: none;\"><span class=\"fn\"><a href=\"https:\/\/portal.segeplan.gob.gt\/segeplan\/?author=7\" rel=\"author\">yazmin contreras<\/a><\/span><\/span><span class=\"updated\" style=\"display:none;\">2026-08-20T10:46:12-06:00<\/span><h4 class=\"entry-title\"><a href=\"https:\/\/portal.segeplan.gob.gt\/segeplan\/?p=15927\">SEGEPLAN resalta papel de inversi\u00f3n p\u00fablica en la atracci\u00f3n de inversi\u00f3n privada<\/a><\/h4><p class=\"meta\"><span class=\"vcard\" style=\"display: none;\"><span class=\"fn\"><a href=\"https:\/\/portal.segeplan.gob.gt\/segeplan\/?author=7\" rel=\"author\">yazmin contreras<\/a><\/span><\/span><span class=\"updated\" style=\"display:none;\">2026-08-20T10:46:12-06:00<\/span><span>agosto 20th, 2026<\/span><span class=\"fusion-inline-sep\">|<\/span><span class=\"fusion-comments\"><a href=\"https:\/\/portal.segeplan.gob.gt\/segeplan\/?p=15927#respond\">0 Comments<\/a><\/span><\/p><p> Guatemala, 20 de agosto de 2026. El papel de la inversi\u00f3n p\u00fablica como herramienta para habilitar las inversiones privadas fue el tema central expuesto por el subsecretario de Inversi\u00f3n para el Desarrollo, Enrique Maldonado,<\/p><\/div><\/article><article class=\"post fusion-column column col col-lg-4 col-md-4 col-sm-4\"><div class=\"fusion-flexslider fusion-flexslider-loading flexslider flexslider-hover-type-none\"><ul class=\"slides\"><li><a href=\"https:\/\/portal.segeplan.gob.gt\/segeplan\/?p=15919\" aria-label=\"SEGEPLAN expone avances, retos y prioridades de Guatemala sobre poblaci\u00f3n y desarrollo, en evento regional\" class=\"hover-type-none\"><img decoding=\"async\" width=\"700\" height=\"441\" src=\"https:\/\/portal.segeplan.gob.gt\/segeplan\/wp-content\/uploads\/2026\/08\/foto-Portal-web-Agosto-19-700x441.jpg\" class=\"attachment-recent-posts size-recent-posts lazyload\" alt=\"\" srcset=\"data:image\/svg+xml,%3Csvg%20xmlns%3D%27http%3A%2F%2Fwww.w3.org%2F2000%2Fsvg%27%20width%3D%272560%27%20height%3D%271202%27%20viewBox%3D%270%200%202560%201202%27%3E%3Crect%20width%3D%272560%27%20height%3D%271202%27%20fill-opacity%3D%220%22%2F%3E%3C%2Fsvg%3E\" data-orig-src=\"https:\/\/portal.segeplan.gob.gt\/segeplan\/wp-content\/uploads\/2026\/08\/foto-Portal-web-Agosto-19-700x441.jpg\" data-srcset=\"https:\/\/portal.segeplan.gob.gt\/segeplan\/wp-content\/uploads\/2026\/08\/foto-Portal-web-Agosto-19-320x202.jpg 320w, https:\/\/portal.segeplan.gob.gt\/segeplan\/wp-content\/uploads\/2026\/08\/foto-Portal-web-Agosto-19-700x441.jpg 700w\" data-sizes=\"auto\" \/><\/a><\/li><\/ul><\/div><div class=\"recent-posts-content\"><span class=\"vcard\" style=\"display: none;\"><span class=\"fn\"><a href=\"https:\/\/portal.segeplan.gob.gt\/segeplan\/?author=4\" rel=\"author\">Francisco Jose Ericastilla Lazo<\/a><\/span><\/span><span class=\"updated\" style=\"display:none;\">2026-08-26T11:24:49-06:00<\/span><h4 class=\"entry-title\"><a href=\"https:\/\/portal.segeplan.gob.gt\/segeplan\/?p=15919\">SEGEPLAN expone avances, retos y prioridades de Guatemala sobre poblaci\u00f3n y desarrollo, en evento regional<\/a><\/h4><p class=\"meta\"><span class=\"vcard\" style=\"display: none;\"><span class=\"fn\"><a href=\"https:\/\/portal.segeplan.gob.gt\/segeplan\/?author=4\" rel=\"author\">Francisco Jose Ericastilla Lazo<\/a><\/span><\/span><span class=\"updated\" style=\"display:none;\">2026-08-26T11:24:49-06:00<\/span><span>agosto 19th, 2026<\/span><span class=\"fusion-inline-sep\">|<\/span><span class=\"fusion-comments\"><a href=\"https:\/\/portal.segeplan.gob.gt\/segeplan\/?p=15919#respond\">0 Comments<\/a><\/span><\/p><p> Guatemala, 19 de agosto de 2026. El titular de la Secretar\u00eda de Planificaci\u00f3n y Programaci\u00f3n de la Presidencia (SEGEPLAN), Carlos Mendoza, expuso este d\u00eda los\u00a0avances, retos, buenas pr\u00e1cticas y prioridades actuales de nuestro pa\u00eds<\/p><\/div><\/article><article class=\"post fusion-column column col col-lg-4 col-md-4 col-sm-4\"><div class=\"fusion-flexslider fusion-flexslider-loading flexslider flexslider-hover-type-none\"><ul class=\"slides\"><li><a href=\"https:\/\/portal.segeplan.gob.gt\/segeplan\/?p=15911\" aria-label=\"SEGEPLAN integra grupo que impulsa la construcci\u00f3n de la Estrategia Nacional de Datos Abiertos\" class=\"hover-type-none\"><img decoding=\"async\" width=\"700\" height=\"441\" src=\"https:\/\/portal.segeplan.gob.gt\/segeplan\/wp-content\/uploads\/2026\/08\/foto-Portal-web-Agosto-07b-700x441.jpg\" class=\"attachment-recent-posts size-recent-posts lazyload\" alt=\"\" srcset=\"data:image\/svg+xml,%3Csvg%20xmlns%3D%27http%3A%2F%2Fwww.w3.org%2F2000%2Fsvg%27%20width%3D%272560%27%20height%3D%271202%27%20viewBox%3D%270%200%202560%201202%27%3E%3Crect%20width%3D%272560%27%20height%3D%271202%27%20fill-opacity%3D%220%22%2F%3E%3C%2Fsvg%3E\" data-orig-src=\"https:\/\/portal.segeplan.gob.gt\/segeplan\/wp-content\/uploads\/2026\/08\/foto-Portal-web-Agosto-07b-700x441.jpg\" data-srcset=\"https:\/\/portal.segeplan.gob.gt\/segeplan\/wp-content\/uploads\/2026\/08\/foto-Portal-web-Agosto-07b-320x202.jpg 320w, https:\/\/portal.segeplan.gob.gt\/segeplan\/wp-content\/uploads\/2026\/08\/foto-Portal-web-Agosto-07b-700x441.jpg 700w\" data-sizes=\"auto\" \/><\/a><\/li><\/ul><\/div><div class=\"recent-posts-content\"><span class=\"vcard\" style=\"display: none;\"><span class=\"fn\"><a href=\"https:\/\/portal.segeplan.gob.gt\/segeplan\/?author=4\" rel=\"author\">Francisco Jose Ericastilla Lazo<\/a><\/span><\/span><span class=\"updated\" style=\"display:none;\">2026-08-17T07:40:28-06:00<\/span><h4 class=\"entry-title\"><a href=\"https:\/\/portal.segeplan.gob.gt\/segeplan\/?p=15911\">SEGEPLAN integra grupo que impulsa la construcci\u00f3n de la Estrategia Nacional de Datos Abiertos<\/a><\/h4><p class=\"meta\"><span class=\"vcard\" style=\"display: none;\"><span class=\"fn\"><a href=\"https:\/\/portal.segeplan.gob.gt\/segeplan\/?author=4\" rel=\"author\">Francisco Jose Ericastilla Lazo<\/a><\/span><\/span><span class=\"updated\" style=\"display:none;\">2026-08-17T07:40:28-06:00<\/span><span>agosto 17th, 2026<\/span><span class=\"fusion-inline-sep\">|<\/span><span class=\"fusion-comments\"><a href=\"https:\/\/portal.segeplan.gob.gt\/segeplan\/?p=15911#respond\">0 Comments<\/a><\/span><\/p><p> Guatemala, agosto de 2026. Como parte de los esfuerzos del Organismo Ejecutivo para modernizar la gesti\u00f3n p\u00fablica y fortalecer la transparencia, se ha convocado a los diferentes sectores del pa\u00eds a participar en la<\/p><\/div><\/article><article class=\"post fusion-column column col col-lg-4 col-md-4 col-sm-4\"><div class=\"fusion-flexslider fusion-flexslider-loading flexslider flexslider-hover-type-none\"><ul class=\"slides\"><li><a href=\"https:\/\/portal.segeplan.gob.gt\/segeplan\/?p=15903\" aria-label=\"Guatemala es elegida para ocupar vicepresidencia de Red SNIP\" class=\"hover-type-none\"><img decoding=\"async\" width=\"700\" height=\"441\" src=\"https:\/\/portal.segeplan.gob.gt\/segeplan\/wp-content\/uploads\/2026\/08\/foto-Portal-web-Agosto-12.jpg-700x441.jpeg\" class=\"attachment-recent-posts size-recent-posts lazyload\" alt=\"\" srcset=\"data:image\/svg+xml,%3Csvg%20xmlns%3D%27http%3A%2F%2Fwww.w3.org%2F2000%2Fsvg%27%20width%3D%272560%27%20height%3D%271202%27%20viewBox%3D%270%200%202560%201202%27%3E%3Crect%20width%3D%272560%27%20height%3D%271202%27%20fill-opacity%3D%220%22%2F%3E%3C%2Fsvg%3E\" data-orig-src=\"https:\/\/portal.segeplan.gob.gt\/segeplan\/wp-content\/uploads\/2026\/08\/foto-Portal-web-Agosto-12.jpg-700x441.jpeg\" data-srcset=\"https:\/\/portal.segeplan.gob.gt\/segeplan\/wp-content\/uploads\/2026\/08\/foto-Portal-web-Agosto-12.jpg-320x202.jpeg 320w, https:\/\/portal.segeplan.gob.gt\/segeplan\/wp-content\/uploads\/2026\/08\/foto-Portal-web-Agosto-12.jpg-700x441.jpeg 700w\" data-sizes=\"auto\" \/><\/a><\/li><\/ul><\/div><div class=\"recent-posts-content\"><span class=\"vcard\" style=\"display: none;\"><span class=\"fn\"><a href=\"https:\/\/portal.segeplan.gob.gt\/segeplan\/?author=7\" rel=\"author\">yazmin contreras<\/a><\/span><\/span><span class=\"updated\" style=\"display:none;\">2026-08-12T14:47:17-06:00<\/span><h4 class=\"entry-title\"><a href=\"https:\/\/portal.segeplan.gob.gt\/segeplan\/?p=15903\">Guatemala es elegida para ocupar vicepresidencia de Red SNIP<\/a><\/h4><p class=\"meta\"><span class=\"vcard\" style=\"display: none;\"><span class=\"fn\"><a href=\"https:\/\/portal.segeplan.gob.gt\/segeplan\/?author=7\" rel=\"author\">yazmin contreras<\/a><\/span><\/span><span class=\"updated\" style=\"display:none;\">2026-08-12T14:47:17-06:00<\/span><span>agosto 12th, 2026<\/span><span class=\"fusion-inline-sep\">|<\/span><span class=\"fusion-comments\"><a href=\"https:\/\/portal.segeplan.gob.gt\/segeplan\/?p=15903#respond\">0 Comments<\/a><\/span><\/p><p> Guatemala, agosto de 2026. El subsecretario de Inversi\u00f3n para el Desarrollo, Enrique Maldonado, fue elegido como vicepresidente de la junta directiva de la Red de los Sistemas Nacionales de Inversi\u00f3n P\u00fablica (Red SNIP) de<\/p><\/div><\/article><article class=\"post fusion-column column col col-lg-4 col-md-4 col-sm-4\"><div class=\"fusion-flexslider fusion-flexslider-loading flexslider flexslider-hover-type-none\"><ul class=\"slides\"><li><a href=\"https:\/\/portal.segeplan.gob.gt\/segeplan\/?p=15896\" aria-label=\"70 j\u00f3venes reciben becas para estudio superior en el extranjero\" class=\"hover-type-none\"><img decoding=\"async\" width=\"700\" height=\"441\" src=\"https:\/\/portal.segeplan.gob.gt\/segeplan\/wp-content\/uploads\/2026\/08\/foto-Portal-web-Agosto-11.jpg-1-700x441.jpeg\" class=\"attachment-recent-posts size-recent-posts lazyload\" alt=\"\" srcset=\"data:image\/svg+xml,%3Csvg%20xmlns%3D%27http%3A%2F%2Fwww.w3.org%2F2000%2Fsvg%27%20width%3D%272560%27%20height%3D%271202%27%20viewBox%3D%270%200%202560%201202%27%3E%3Crect%20width%3D%272560%27%20height%3D%271202%27%20fill-opacity%3D%220%22%2F%3E%3C%2Fsvg%3E\" data-orig-src=\"https:\/\/portal.segeplan.gob.gt\/segeplan\/wp-content\/uploads\/2026\/08\/foto-Portal-web-Agosto-11.jpg-1-700x441.jpeg\" data-srcset=\"https:\/\/portal.segeplan.gob.gt\/segeplan\/wp-content\/uploads\/2026\/08\/foto-Portal-web-Agosto-11.jpg-1-320x202.jpeg 320w, https:\/\/portal.segeplan.gob.gt\/segeplan\/wp-content\/uploads\/2026\/08\/foto-Portal-web-Agosto-11.jpg-1-700x441.jpeg 700w\" data-sizes=\"auto\" \/><\/a><\/li><\/ul><\/div><div class=\"recent-posts-content\"><span class=\"vcard\" style=\"display: none;\"><span class=\"fn\"><a href=\"https:\/\/portal.segeplan.gob.gt\/segeplan\/?author=7\" rel=\"author\">yazmin contreras<\/a><\/span><\/span><span class=\"updated\" style=\"display:none;\">2026-08-11T15:43:36-06:00<\/span><h4 class=\"entry-title\"><a href=\"https:\/\/portal.segeplan.gob.gt\/segeplan\/?p=15896\">70 j\u00f3venes reciben becas para estudio superior en el extranjero<\/a><\/h4><p class=\"meta\"><span class=\"vcard\" style=\"display: none;\"><span class=\"fn\"><a href=\"https:\/\/portal.segeplan.gob.gt\/segeplan\/?author=7\" rel=\"author\">yazmin contreras<\/a><\/span><\/span><span class=\"updated\" style=\"display:none;\">2026-08-11T15:43:36-06:00<\/span><span>agosto 11th, 2026<\/span><span class=\"fusion-inline-sep\">|<\/span><span class=\"fusion-comments\"><a href=\"https:\/\/portal.segeplan.gob.gt\/segeplan\/?p=15896#respond\">0 Comments<\/a><\/span><\/p><p> Guatemala, 11 de agosto de 2026. La Secretar\u00eda de Planificaci\u00f3n y Programaci\u00f3n de la Presidencia (SEGEPLAN) y la Embajada de la Rep\u00fablica de China (Taiw\u00e1n) entregaron 70 becas a j\u00f3venes guatemaltecos y guatemaltecas para<\/p><\/div><\/article><article class=\"post fusion-column column col col-lg-4 col-md-4 col-sm-4\"><div class=\"fusion-flexslider fusion-flexslider-loading flexslider flexslider-hover-type-none\"><ul class=\"slides\"><li><a href=\"https:\/\/portal.segeplan.gob.gt\/segeplan\/?p=15870\" aria-label=\"Dan seguimiento a acciones para promover la ciencia, tecnolog\u00eda e innovaci\u00f3n en el sector industria\" class=\"hover-type-none\"><img decoding=\"async\" width=\"700\" height=\"441\" src=\"https:\/\/portal.segeplan.gob.gt\/segeplan\/wp-content\/uploads\/2026\/08\/foto-Portal-web-Agosto-07-700x441.jpg\" class=\"attachment-recent-posts size-recent-posts lazyload\" alt=\"\" srcset=\"data:image\/svg+xml,%3Csvg%20xmlns%3D%27http%3A%2F%2Fwww.w3.org%2F2000%2Fsvg%27%20width%3D%272560%27%20height%3D%271202%27%20viewBox%3D%270%200%202560%201202%27%3E%3Crect%20width%3D%272560%27%20height%3D%271202%27%20fill-opacity%3D%220%22%2F%3E%3C%2Fsvg%3E\" data-orig-src=\"https:\/\/portal.segeplan.gob.gt\/segeplan\/wp-content\/uploads\/2026\/08\/foto-Portal-web-Agosto-07-700x441.jpg\" data-srcset=\"https:\/\/portal.segeplan.gob.gt\/segeplan\/wp-content\/uploads\/2026\/08\/foto-Portal-web-Agosto-07-320x202.jpg 320w, https:\/\/portal.segeplan.gob.gt\/segeplan\/wp-content\/uploads\/2026\/08\/foto-Portal-web-Agosto-07-700x441.jpg 700w\" data-sizes=\"auto\" \/><\/a><\/li><\/ul><\/div><div class=\"recent-posts-content\"><span class=\"vcard\" style=\"display: none;\"><span class=\"fn\"><a href=\"https:\/\/portal.segeplan.gob.gt\/segeplan\/?author=4\" rel=\"author\">Francisco Jose Ericastilla Lazo<\/a><\/span><\/span><span class=\"updated\" style=\"display:none;\">2026-08-10T11:02:42-06:00<\/span><h4 class=\"entry-title\"><a href=\"https:\/\/portal.segeplan.gob.gt\/segeplan\/?p=15870\">Dan seguimiento a acciones para promover la ciencia, tecnolog\u00eda e innovaci\u00f3n en el sector industria<\/a><\/h4><p class=\"meta\"><span class=\"vcard\" style=\"display: none;\"><span class=\"fn\"><a href=\"https:\/\/portal.segeplan.gob.gt\/segeplan\/?author=4\" rel=\"author\">Francisco Jose Ericastilla Lazo<\/a><\/span><\/span><span class=\"updated\" style=\"display:none;\">2026-08-10T11:02:42-06:00<\/span><span>agosto 10th, 2026<\/span><span class=\"fusion-inline-sep\">|<\/span><span class=\"fusion-comments\"><a href=\"https:\/\/portal.segeplan.gob.gt\/segeplan\/?p=15870#respond\">0 Comments<\/a><\/span><\/p><p> Guatemala, 6 de agosto de 2026. La Comisi\u00f3n T\u00e9cnica Sectorial de Industria, integrada por representantes del sector p\u00fablico, sector privado y academia, desarroll\u00f3 su reuni\u00f3n ordinaria virtual para dar seguimiento a las acciones orientadas<\/p><\/div><\/article><article class=\"post fusion-column column col col-lg-4 col-md-4 col-sm-4\"><div class=\"fusion-flexslider fusion-flexslider-loading flexslider flexslider-hover-type-none\"><ul class=\"slides\"><li><a href=\"https:\/\/portal.segeplan.gob.gt\/segeplan\/?p=15858\" aria-label=\"Analizan desaf\u00edos de la planificaci\u00f3n de largo plazo para la construcci\u00f3n estrat\u00e9gica del pa\u00eds\" class=\"hover-type-none\"><img decoding=\"async\" width=\"700\" height=\"441\" src=\"https:\/\/portal.segeplan.gob.gt\/segeplan\/wp-content\/uploads\/2026\/08\/foto-Portal-web-Agosto-06-700x441.jpg\" class=\"attachment-recent-posts size-recent-posts lazyload\" alt=\"\" srcset=\"data:image\/svg+xml,%3Csvg%20xmlns%3D%27http%3A%2F%2Fwww.w3.org%2F2000%2Fsvg%27%20width%3D%272560%27%20height%3D%271202%27%20viewBox%3D%270%200%202560%201202%27%3E%3Crect%20width%3D%272560%27%20height%3D%271202%27%20fill-opacity%3D%220%22%2F%3E%3C%2Fsvg%3E\" data-orig-src=\"https:\/\/portal.segeplan.gob.gt\/segeplan\/wp-content\/uploads\/2026\/08\/foto-Portal-web-Agosto-06-700x441.jpg\" data-srcset=\"https:\/\/portal.segeplan.gob.gt\/segeplan\/wp-content\/uploads\/2026\/08\/foto-Portal-web-Agosto-06-320x202.jpg 320w, https:\/\/portal.segeplan.gob.gt\/segeplan\/wp-content\/uploads\/2026\/08\/foto-Portal-web-Agosto-06-700x441.jpg 700w\" data-sizes=\"auto\" \/><\/a><\/li><\/ul><\/div><div class=\"recent-posts-content\"><span class=\"vcard\" style=\"display: none;\"><span class=\"fn\"><a href=\"https:\/\/portal.segeplan.gob.gt\/segeplan\/?author=4\" rel=\"author\">Francisco Jose Ericastilla Lazo<\/a><\/span><\/span><span class=\"updated\" style=\"display:none;\">2026-08-07T15:59:07-06:00<\/span><h4 class=\"entry-title\"><a href=\"https:\/\/portal.segeplan.gob.gt\/segeplan\/?p=15858\">Analizan desaf\u00edos de la planificaci\u00f3n de largo plazo para la construcci\u00f3n estrat\u00e9gica del pa\u00eds<\/a><\/h4><p class=\"meta\"><span class=\"vcard\" style=\"display: none;\"><span class=\"fn\"><a href=\"https:\/\/portal.segeplan.gob.gt\/segeplan\/?author=4\" rel=\"author\">Francisco Jose Ericastilla Lazo<\/a><\/span><\/span><span class=\"updated\" style=\"display:none;\">2026-08-07T15:59:07-06:00<\/span><span>agosto 7th, 2026<\/span><span class=\"fusion-inline-sep\">|<\/span><span class=\"fusion-comments\"><a href=\"https:\/\/portal.segeplan.gob.gt\/segeplan\/?p=15858#respond\">0 Comments<\/a><\/span><\/p><p> Guatemala, 6 de agosto de 2026. La Guatemala del 2050 y los desaf\u00edos de la planificaci\u00f3n de largo plazo para la construcci\u00f3n estrat\u00e9gica del pa\u00eds, fue el tema principal que abord\u00f3 la Comunidad de<\/p><\/div><\/article><article class=\"post fusion-column column col col-lg-4 col-md-4 col-sm-4\"><div class=\"fusion-flexslider fusion-flexslider-loading flexslider flexslider-hover-type-none\"><ul class=\"slides\"><li><a href=\"https:\/\/portal.segeplan.gob.gt\/segeplan\/?p=15847\" aria-label=\"SEGEPLAN e INAP lanzan Diplomado en Seguimiento y Evaluaci\u00f3n\" class=\"hover-type-none\"><img decoding=\"async\" width=\"700\" height=\"441\" src=\"https:\/\/portal.segeplan.gob.gt\/segeplan\/wp-content\/uploads\/2026\/08\/foto-Portal-web-Agosto-06b-700x441.png\" class=\"attachment-recent-posts size-recent-posts lazyload\" alt=\"\" srcset=\"data:image\/svg+xml,%3Csvg%20xmlns%3D%27http%3A%2F%2Fwww.w3.org%2F2000%2Fsvg%27%20width%3D%272560%27%20height%3D%271202%27%20viewBox%3D%270%200%202560%201202%27%3E%3Crect%20width%3D%272560%27%20height%3D%271202%27%20fill-opacity%3D%220%22%2F%3E%3C%2Fsvg%3E\" data-orig-src=\"https:\/\/portal.segeplan.gob.gt\/segeplan\/wp-content\/uploads\/2026\/08\/foto-Portal-web-Agosto-06b-700x441.png\" data-srcset=\"https:\/\/portal.segeplan.gob.gt\/segeplan\/wp-content\/uploads\/2026\/08\/foto-Portal-web-Agosto-06b-320x202.png 320w, https:\/\/portal.segeplan.gob.gt\/segeplan\/wp-content\/uploads\/2026\/08\/foto-Portal-web-Agosto-06b-700x441.png 700w\" data-sizes=\"auto\" \/><\/a><\/li><\/ul><\/div><div class=\"recent-posts-content\"><span class=\"vcard\" style=\"display: none;\"><span class=\"fn\"><a href=\"https:\/\/portal.segeplan.gob.gt\/segeplan\/?author=7\" rel=\"author\">yazmin contreras<\/a><\/span><\/span><span class=\"updated\" style=\"display:none;\">2026-08-06T16:23:58-06:00<\/span><h4 class=\"entry-title\"><a href=\"https:\/\/portal.segeplan.gob.gt\/segeplan\/?p=15847\">SEGEPLAN e INAP lanzan Diplomado en Seguimiento y Evaluaci\u00f3n<\/a><\/h4><p class=\"meta\"><span class=\"vcard\" style=\"display: none;\"><span class=\"fn\"><a href=\"https:\/\/portal.segeplan.gob.gt\/segeplan\/?author=7\" rel=\"author\">yazmin contreras<\/a><\/span><\/span><span class=\"updated\" style=\"display:none;\">2026-08-06T16:23:58-06:00<\/span><span>agosto 6th, 2026<\/span><span class=\"fusion-inline-sep\">|<\/span><span class=\"fusion-comments\"><a href=\"https:\/\/portal.segeplan.gob.gt\/segeplan\/?p=15847#respond\">0 Comments<\/a><\/span><\/p><p> Guatemala, agosto de 2026. Como resultado de un esfuerzo interinstitucional por reforzar los procesos de seguimiento y evaluaci\u00f3n en Guatemala, la Secretar\u00eda de Planificaci\u00f3n y Programaci\u00f3n de la Presidencia (SEGEPLAN) y el Instituto Nacional<\/p><\/div><\/article><article class=\"post fusion-column column col col-lg-4 col-md-4 col-sm-4\"><div class=\"fusion-flexslider fusion-flexslider-loading flexslider flexslider-hover-type-none\"><ul class=\"slides\"><li><a href=\"https:\/\/portal.segeplan.gob.gt\/segeplan\/?p=15840\" aria-label=\"Guatemala y Costa Rica fortalecen la cooperaci\u00f3n bilateral con avances significativos en su Programa de Cooperaci\u00f3n T\u00e9cnica y Cient\u00edfica 2025-2027\" class=\"hover-type-none\"><img decoding=\"async\" width=\"700\" height=\"441\" src=\"https:\/\/portal.segeplan.gob.gt\/segeplan\/wp-content\/uploads\/2026\/08\/foto-Portal-web-Agosto-05.jpg-700x441.jpeg\" class=\"attachment-recent-posts size-recent-posts lazyload\" alt=\"\" srcset=\"data:image\/svg+xml,%3Csvg%20xmlns%3D%27http%3A%2F%2Fwww.w3.org%2F2000%2Fsvg%27%20width%3D%272560%27%20height%3D%271202%27%20viewBox%3D%270%200%202560%201202%27%3E%3Crect%20width%3D%272560%27%20height%3D%271202%27%20fill-opacity%3D%220%22%2F%3E%3C%2Fsvg%3E\" data-orig-src=\"https:\/\/portal.segeplan.gob.gt\/segeplan\/wp-content\/uploads\/2026\/08\/foto-Portal-web-Agosto-05.jpg-700x441.jpeg\" data-srcset=\"https:\/\/portal.segeplan.gob.gt\/segeplan\/wp-content\/uploads\/2026\/08\/foto-Portal-web-Agosto-05.jpg-320x202.jpeg 320w, https:\/\/portal.segeplan.gob.gt\/segeplan\/wp-content\/uploads\/2026\/08\/foto-Portal-web-Agosto-05.jpg-700x441.jpeg 700w\" data-sizes=\"auto\" \/><\/a><\/li><\/ul><\/div><div class=\"recent-posts-content\"><span class=\"vcard\" style=\"display: none;\"><span class=\"fn\"><a href=\"https:\/\/portal.segeplan.gob.gt\/segeplan\/?author=4\" rel=\"author\">Francisco Jose Ericastilla Lazo<\/a><\/span><\/span><span class=\"updated\" style=\"display:none;\">2026-08-06T16:21:18-06:00<\/span><h4 class=\"entry-title\"><a href=\"https:\/\/portal.segeplan.gob.gt\/segeplan\/?p=15840\">Guatemala y Costa Rica fortalecen la cooperaci\u00f3n bilateral con avances significativos en su Programa de Cooperaci\u00f3n T\u00e9cnica y Cient\u00edfica 2025-2027<\/a><\/h4><p class=\"meta\"><span class=\"vcard\" style=\"display: none;\"><span class=\"fn\"><a href=\"https:\/\/portal.segeplan.gob.gt\/segeplan\/?author=4\" rel=\"author\">Francisco Jose Ericastilla Lazo<\/a><\/span><\/span><span class=\"updated\" style=\"display:none;\">2026-08-06T16:21:18-06:00<\/span><span>agosto 6th, 2026<\/span><span class=\"fusion-inline-sep\">|<\/span><span class=\"fusion-comments\"><a href=\"https:\/\/portal.segeplan.gob.gt\/segeplan\/?p=15840#respond\">0 Comments<\/a><\/span><\/p><p> Guatemala, julio de 2026. Guatemala y Costa Rica contin\u00faan consolidando sus v\u00ednculos de cooperaci\u00f3n mediante la implementaci\u00f3n del Programa de Cooperaci\u00f3n T\u00e9cnica y Cient\u00edfica 2025-2027, aprobado en el marco de la I Reuni\u00f3n de<\/p><\/div><\/article><article class=\"post fusion-column column col col-lg-4 col-md-4 col-sm-4\"><div class=\"fusion-flexslider fusion-flexslider-loading flexslider flexslider-hover-type-none\"><ul class=\"slides\"><li><a href=\"https:\/\/portal.segeplan.gob.gt\/segeplan\/?p=15833\" aria-label=\"Guatemala impulsa di\u00e1logo sobre resiliencia demogr\u00e1fica para fortalecer la planificaci\u00f3n del desarrollo\" class=\"hover-type-none\"><img decoding=\"async\" width=\"700\" height=\"441\" src=\"https:\/\/portal.segeplan.gob.gt\/segeplan\/wp-content\/uploads\/2026\/08\/foto-web.jpg-700x441.jpeg\" class=\"attachment-recent-posts size-recent-posts lazyload\" alt=\"\" srcset=\"data:image\/svg+xml,%3Csvg%20xmlns%3D%27http%3A%2F%2Fwww.w3.org%2F2000%2Fsvg%27%20width%3D%271930%27%20height%3D%27906%27%20viewBox%3D%270%200%201930%20906%27%3E%3Crect%20width%3D%271930%27%20height%3D%27906%27%20fill-opacity%3D%220%22%2F%3E%3C%2Fsvg%3E\" data-orig-src=\"https:\/\/portal.segeplan.gob.gt\/segeplan\/wp-content\/uploads\/2026\/08\/foto-web.jpg-700x441.jpeg\" data-srcset=\"https:\/\/portal.segeplan.gob.gt\/segeplan\/wp-content\/uploads\/2026\/08\/foto-web.jpg-320x202.jpeg 320w, https:\/\/portal.segeplan.gob.gt\/segeplan\/wp-content\/uploads\/2026\/08\/foto-web.jpg-700x441.jpeg 700w\" data-sizes=\"auto\" \/><\/a><\/li><\/ul><\/div><div class=\"recent-posts-content\"><span class=\"vcard\" style=\"display: none;\"><span class=\"fn\"><a href=\"https:\/\/portal.segeplan.gob.gt\/segeplan\/?author=7\" rel=\"author\">yazmin contreras<\/a><\/span><\/span><span class=\"updated\" style=\"display:none;\">2026-08-05T16:11:18-06:00<\/span><h4 class=\"entry-title\"><a href=\"https:\/\/portal.segeplan.gob.gt\/segeplan\/?p=15833\">Guatemala impulsa di\u00e1logo sobre resiliencia demogr\u00e1fica para fortalecer la planificaci\u00f3n del desarrollo<\/a><\/h4><p class=\"meta\"><span class=\"vcard\" style=\"display: none;\"><span class=\"fn\"><a href=\"https:\/\/portal.segeplan.gob.gt\/segeplan\/?author=7\" rel=\"author\">yazmin contreras<\/a><\/span><\/span><span class=\"updated\" style=\"display:none;\">2026-08-05T16:11:18-06:00<\/span><span>agosto 5th, 2026<\/span><span class=\"fusion-inline-sep\">|<\/span><span class=\"fusion-comments\"><a href=\"https:\/\/portal.segeplan.gob.gt\/segeplan\/?p=15833#respond\">0 Comments<\/a><\/span><\/p><p> Guatemala, 5 de agosto de 2026. La Secretar\u00eda de Planificaci\u00f3n y Programaci\u00f3n de la Presidencia (SEGEPLAN) y el Fondo de Poblaci\u00f3n de las Naciones Unidas (UNFPA) realizaron el Foro Nacional sobre Resiliencia Demogr\u00e1fica: Anticipar<\/p><\/div><\/article><article class=\"post fusion-column column col col-lg-4 col-md-4 col-sm-4\"><div class=\"fusion-flexslider fusion-flexslider-loading flexslider flexslider-hover-type-none\"><ul class=\"slides\"><li><a href=\"https:\/\/portal.segeplan.gob.gt\/segeplan\/?p=15825\" aria-label=\"SEGEPLAN da un paso hist\u00f3rico hacia una Guatemala m\u00e1s inclusiva\" class=\"hover-type-none\"><img decoding=\"async\" width=\"700\" height=\"441\" src=\"https:\/\/portal.segeplan.gob.gt\/segeplan\/wp-content\/uploads\/2026\/08\/foto-Portal-web-Julio-31-700x441.jpg\" class=\"attachment-recent-posts size-recent-posts lazyload\" alt=\"\" srcset=\"data:image\/svg+xml,%3Csvg%20xmlns%3D%27http%3A%2F%2Fwww.w3.org%2F2000%2Fsvg%27%20width%3D%272560%27%20height%3D%271202%27%20viewBox%3D%270%200%202560%201202%27%3E%3Crect%20width%3D%272560%27%20height%3D%271202%27%20fill-opacity%3D%220%22%2F%3E%3C%2Fsvg%3E\" data-orig-src=\"https:\/\/portal.segeplan.gob.gt\/segeplan\/wp-content\/uploads\/2026\/08\/foto-Portal-web-Julio-31-700x441.jpg\" data-srcset=\"https:\/\/portal.segeplan.gob.gt\/segeplan\/wp-content\/uploads\/2026\/08\/foto-Portal-web-Julio-31-320x202.jpg 320w, https:\/\/portal.segeplan.gob.gt\/segeplan\/wp-content\/uploads\/2026\/08\/foto-Portal-web-Julio-31-700x441.jpg 700w\" data-sizes=\"auto\" \/><\/a><\/li><\/ul><\/div><div class=\"recent-posts-content\"><span class=\"vcard\" style=\"display: none;\"><span class=\"fn\"><a href=\"https:\/\/portal.segeplan.gob.gt\/segeplan\/?author=4\" rel=\"author\">Francisco Jose Ericastilla Lazo<\/a><\/span><\/span><span class=\"updated\" style=\"display:none;\">2026-08-04T11:55:15-06:00<\/span><h4 class=\"entry-title\"><a href=\"https:\/\/portal.segeplan.gob.gt\/segeplan\/?p=15825\">SEGEPLAN da un paso hist\u00f3rico hacia una Guatemala m\u00e1s inclusiva<\/a><\/h4><p class=\"meta\"><span class=\"vcard\" style=\"display: none;\"><span class=\"fn\"><a href=\"https:\/\/portal.segeplan.gob.gt\/segeplan\/?author=4\" rel=\"author\">Francisco Jose Ericastilla Lazo<\/a><\/span><\/span><span class=\"updated\" style=\"display:none;\">2026-08-04T11:55:15-06:00<\/span><span>agosto 4th, 2026<\/span><span class=\"fusion-inline-sep\">|<\/span><span class=\"fusion-comments\"><a href=\"https:\/\/portal.segeplan.gob.gt\/segeplan\/?p=15825#respond\">0 Comments<\/a><\/span><\/p><p> Guatemala, julio de 2026. La Secretar\u00eda de Planificaci\u00f3n y Programaci\u00f3n de la Presidencia (SEGEPLAN) y la Federaci\u00f3n de Asociaciones de Personas con Discapacidad Visual de Guatemala (FEAPDIVIGUA) suscribieron un convenio de cooperaci\u00f3n interinstitucional que<\/p><\/div><\/article><article class=\"post fusion-column column col col-lg-4 col-md-4 col-sm-4\"><div class=\"fusion-flexslider fusion-flexslider-loading flexslider flexslider-hover-type-none\"><ul class=\"slides\"><li><a href=\"https:\/\/portal.segeplan.gob.gt\/segeplan\/?p=15816\" aria-label=\"Actualizaci\u00f3n Plan K\u00b4atun: Recopilan informaci\u00f3n en 22 Di\u00e1logos Territoriales\" class=\"hover-type-none\"><img decoding=\"async\" width=\"700\" height=\"441\" src=\"https:\/\/portal.segeplan.gob.gt\/segeplan\/wp-content\/uploads\/2026\/08\/foto-Portal-web-Agosto-03b.jpg-700x441.jpeg\" class=\"attachment-recent-posts size-recent-posts lazyload\" alt=\"\" srcset=\"data:image\/svg+xml,%3Csvg%20xmlns%3D%27http%3A%2F%2Fwww.w3.org%2F2000%2Fsvg%27%20width%3D%272560%27%20height%3D%271202%27%20viewBox%3D%270%200%202560%201202%27%3E%3Crect%20width%3D%272560%27%20height%3D%271202%27%20fill-opacity%3D%220%22%2F%3E%3C%2Fsvg%3E\" data-orig-src=\"https:\/\/portal.segeplan.gob.gt\/segeplan\/wp-content\/uploads\/2026\/08\/foto-Portal-web-Agosto-03b.jpg-700x441.jpeg\" data-srcset=\"https:\/\/portal.segeplan.gob.gt\/segeplan\/wp-content\/uploads\/2026\/08\/foto-Portal-web-Agosto-03b.jpg-320x202.jpeg 320w, https:\/\/portal.segeplan.gob.gt\/segeplan\/wp-content\/uploads\/2026\/08\/foto-Portal-web-Agosto-03b.jpg-700x441.jpeg 700w\" data-sizes=\"auto\" \/><\/a><\/li><\/ul><\/div><div class=\"recent-posts-content\"><span class=\"vcard\" style=\"display: none;\"><span class=\"fn\"><a href=\"https:\/\/portal.segeplan.gob.gt\/segeplan\/?author=7\" rel=\"author\">yazmin contreras<\/a><\/span><\/span><span class=\"updated\" style=\"display:none;\">2026-08-03T16:16:33-06:00<\/span><h4 class=\"entry-title\"><a href=\"https:\/\/portal.segeplan.gob.gt\/segeplan\/?p=15816\">Actualizaci\u00f3n Plan K\u00b4atun: Recopilan informaci\u00f3n en 22 Di\u00e1logos Territoriales<\/a><\/h4><p class=\"meta\"><span class=\"vcard\" style=\"display: none;\"><span class=\"fn\"><a href=\"https:\/\/portal.segeplan.gob.gt\/segeplan\/?author=7\" rel=\"author\">yazmin contreras<\/a><\/span><\/span><span class=\"updated\" style=\"display:none;\">2026-08-03T16:16:33-06:00<\/span><span>agosto 3rd, 2026<\/span><span class=\"fusion-inline-sep\">|<\/span><span class=\"fusion-comments\"><a href=\"https:\/\/portal.segeplan.gob.gt\/segeplan\/?p=15816#respond\">0 Comments<\/a><\/span><\/p><p> Guatemala, agosto de 2026. En el marco de la actualizaci\u00f3n del Plan Nacional de Desarrollo K\u2019atun, la Secretar\u00eda de Planificaci\u00f3n y Programaci\u00f3n de la Presidencia (SEGEPLAN) llev\u00f3 a cabo 22 Di\u00e1logos Territoriales para la<\/p><\/div><\/article><article class=\"post fusion-column column col col-lg-4 col-md-4 col-sm-4\"><div class=\"fusion-flexslider fusion-flexslider-loading flexslider flexslider-hover-type-none\"><ul class=\"slides\"><li><a href=\"https:\/\/portal.segeplan.gob.gt\/segeplan\/?p=15811\" aria-label=\"Becas por Nuestro Futuro abre segunda convocatoria de 2026\" class=\"hover-type-none\"><img decoding=\"async\" width=\"700\" height=\"441\" src=\"https:\/\/portal.segeplan.gob.gt\/segeplan\/wp-content\/uploads\/2026\/08\/foto-Portal-web-Agosto-03.jpg-700x441.jpeg\" class=\"attachment-recent-posts size-recent-posts lazyload\" alt=\"\" srcset=\"data:image\/svg+xml,%3Csvg%20xmlns%3D%27http%3A%2F%2Fwww.w3.org%2F2000%2Fsvg%27%20width%3D%272560%27%20height%3D%271202%27%20viewBox%3D%270%200%202560%201202%27%3E%3Crect%20width%3D%272560%27%20height%3D%271202%27%20fill-opacity%3D%220%22%2F%3E%3C%2Fsvg%3E\" data-orig-src=\"https:\/\/portal.segeplan.gob.gt\/segeplan\/wp-content\/uploads\/2026\/08\/foto-Portal-web-Agosto-03.jpg-700x441.jpeg\" data-srcset=\"https:\/\/portal.segeplan.gob.gt\/segeplan\/wp-content\/uploads\/2026\/08\/foto-Portal-web-Agosto-03.jpg-320x202.jpeg 320w, https:\/\/portal.segeplan.gob.gt\/segeplan\/wp-content\/uploads\/2026\/08\/foto-Portal-web-Agosto-03.jpg-700x441.jpeg 700w\" data-sizes=\"auto\" \/><\/a><\/li><\/ul><\/div><div class=\"recent-posts-content\"><span class=\"vcard\" style=\"display: none;\"><span class=\"fn\"><a href=\"https:\/\/portal.segeplan.gob.gt\/segeplan\/?author=7\" rel=\"author\">yazmin contreras<\/a><\/span><\/span><span class=\"updated\" style=\"display:none;\">2026-08-03T11:32:01-06:00<\/span><h4 class=\"entry-title\"><a href=\"https:\/\/portal.segeplan.gob.gt\/segeplan\/?p=15811\">Becas por Nuestro Futuro abre segunda convocatoria de 2026<\/a><\/h4><p class=\"meta\"><span class=\"vcard\" style=\"display: none;\"><span class=\"fn\"><a href=\"https:\/\/portal.segeplan.gob.gt\/segeplan\/?author=7\" rel=\"author\">yazmin contreras<\/a><\/span><\/span><span class=\"updated\" style=\"display:none;\">2026-08-03T11:32:01-06:00<\/span><span>agosto 3rd, 2026<\/span><span class=\"fusion-inline-sep\">|<\/span><span class=\"fusion-comments\"><a href=\"https:\/\/portal.segeplan.gob.gt\/segeplan\/?p=15811#respond\">0 Comments<\/a><\/span><\/p><p> Guatemala, 3 de agosto de 2026. Del 1 de agosto al 30 de septiembre se abrir\u00e1 la segunda convocatoria del a\u00f1o para quienes deseen iniciar, continuar o finalizar sus estudios, esta es una nueva<\/p><\/div><\/article><article class=\"post fusion-column column col col-lg-4 col-md-4 col-sm-4\"><div class=\"fusion-flexslider fusion-flexslider-loading flexslider flexslider-hover-type-none\"><ul class=\"slides\"><li><a href=\"https:\/\/portal.segeplan.gob.gt\/segeplan\/?p=15803\" aria-label=\"SEGEPLAN fortalece posicionamiento de Guatemala en la cooperaci\u00f3n Iberoamericana\" class=\"hover-type-none\"><img decoding=\"async\" width=\"700\" height=\"441\" src=\"https:\/\/portal.segeplan.gob.gt\/segeplan\/wp-content\/uploads\/2026\/08\/foto-Portal-web-Julio-30b-700x441.jpg\" class=\"attachment-recent-posts size-recent-posts lazyload\" alt=\"\" srcset=\"data:image\/svg+xml,%3Csvg%20xmlns%3D%27http%3A%2F%2Fwww.w3.org%2F2000%2Fsvg%27%20width%3D%272560%27%20height%3D%271202%27%20viewBox%3D%270%200%202560%201202%27%3E%3Crect%20width%3D%272560%27%20height%3D%271202%27%20fill-opacity%3D%220%22%2F%3E%3C%2Fsvg%3E\" data-orig-src=\"https:\/\/portal.segeplan.gob.gt\/segeplan\/wp-content\/uploads\/2026\/08\/foto-Portal-web-Julio-30b-700x441.jpg\" data-srcset=\"https:\/\/portal.segeplan.gob.gt\/segeplan\/wp-content\/uploads\/2026\/08\/foto-Portal-web-Julio-30b-320x202.jpg 320w, https:\/\/portal.segeplan.gob.gt\/segeplan\/wp-content\/uploads\/2026\/08\/foto-Portal-web-Julio-30b-700x441.jpg 700w\" data-sizes=\"auto\" \/><\/a><\/li><\/ul><\/div><div class=\"recent-posts-content\"><span class=\"vcard\" style=\"display: none;\"><span class=\"fn\"><a href=\"https:\/\/portal.segeplan.gob.gt\/segeplan\/?author=4\" rel=\"author\">Francisco Jose Ericastilla Lazo<\/a><\/span><\/span><span class=\"updated\" style=\"display:none;\">2026-08-03T07:49:25-06:00<\/span><h4 class=\"entry-title\"><a href=\"https:\/\/portal.segeplan.gob.gt\/segeplan\/?p=15803\">SEGEPLAN fortalece posicionamiento de Guatemala en la cooperaci\u00f3n Iberoamericana<\/a><\/h4><p class=\"meta\"><span class=\"vcard\" style=\"display: none;\"><span class=\"fn\"><a href=\"https:\/\/portal.segeplan.gob.gt\/segeplan\/?author=4\" rel=\"author\">Francisco Jose Ericastilla Lazo<\/a><\/span><\/span><span class=\"updated\" style=\"display:none;\">2026-08-03T07:49:25-06:00<\/span><span>agosto 3rd, 2026<\/span><span class=\"fusion-inline-sep\">|<\/span><span class=\"fusion-comments\"><a href=\"https:\/\/portal.segeplan.gob.gt\/segeplan\/?p=15803#respond\">0 Comments<\/a><\/span><\/p><p> Guatemala, 28 de julio de 2026. Por medio de la Subsecretaria de Cooperaci\u00f3n y Alianzas para el Desarrollo, Iliana Pe\u00f1a, la Secretar\u00eda de Planificaci\u00f3n y Programaci\u00f3n de la Presidencia (SEGEPLAN), represent\u00f3 a Guatemala en<\/p><\/div><\/article><article class=\"post fusion-column column col col-lg-4 col-md-4 col-sm-4\"><div class=\"fusion-flexslider fusion-flexslider-loading flexslider flexslider-hover-type-none\"><ul class=\"slides\"><li><a href=\"https:\/\/portal.segeplan.gob.gt\/segeplan\/?p=15788\" class=\"hover-type-none\"><img decoding=\"async\" width=\"700\" height=\"441\" src=\"https:\/\/portal.segeplan.gob.gt\/segeplan\/wp-content\/uploads\/2026\/07\/foto-Portal-web-Julio-30.jpg-700x441.jpeg\" class=\"attachment-recent-posts size-recent-posts lazyload\" alt=\"\" srcset=\"data:image\/svg+xml,%3Csvg%20xmlns%3D%27http%3A%2F%2Fwww.w3.org%2F2000%2Fsvg%27%20width%3D%272560%27%20height%3D%271202%27%20viewBox%3D%270%200%202560%201202%27%3E%3Crect%20width%3D%272560%27%20height%3D%271202%27%20fill-opacity%3D%220%22%2F%3E%3C%2Fsvg%3E\" data-orig-src=\"https:\/\/portal.segeplan.gob.gt\/segeplan\/wp-content\/uploads\/2026\/07\/foto-Portal-web-Julio-30.jpg-700x441.jpeg\" data-srcset=\"https:\/\/portal.segeplan.gob.gt\/segeplan\/wp-content\/uploads\/2026\/07\/foto-Portal-web-Julio-30.jpg-320x202.jpeg 320w, https:\/\/portal.segeplan.gob.gt\/segeplan\/wp-content\/uploads\/2026\/07\/foto-Portal-web-Julio-30.jpg-700x441.jpeg 700w\" data-sizes=\"auto\" \/><\/a><\/li><\/ul><\/div><div class=\"recent-posts-content\"><span class=\"vcard\" style=\"display: none;\"><span class=\"fn\"><a href=\"https:\/\/portal.segeplan.gob.gt\/segeplan\/?author=4\" rel=\"author\">Francisco Jose Ericastilla Lazo<\/a><\/span><\/span><span class=\"updated\" style=\"display:none;\">2026-07-30T14:48:55-06:00<\/span><h4 class=\"entry-title\"><a href=\"https:\/\/portal.segeplan.gob.gt\/segeplan\/?p=15788\"><\/a><\/h4><p class=\"meta\"><span class=\"vcard\" style=\"display: none;\"><span class=\"fn\"><a href=\"https:\/\/portal.segeplan.gob.gt\/segeplan\/?author=4\" rel=\"author\">Francisco Jose Ericastilla Lazo<\/a><\/span><\/span><span class=\"updated\" style=\"display:none;\">2026-07-30T14:48:55-06:00<\/span><span>julio 30th, 2026<\/span><span class=\"fusion-inline-sep\">|<\/span><span class=\"fusion-comments\"><a href=\"https:\/\/portal.segeplan.gob.gt\/segeplan\/?p=15788#respond\">0 Comments<\/a><\/span><\/p><p> Guatemala 30 de julio de 2026. El Consejo Nacional de Infraestructura convoca a proceso competitivo de selecci\u00f3n para optar al cargo de Director Ejecutivo y Director de Fiscalizaci\u00f3n de la Agencia Nacional de Infraestructura,<\/p><\/div><\/article><article class=\"post fusion-column column col col-lg-4 col-md-4 col-sm-4\"><div class=\"fusion-flexslider fusion-flexslider-loading flexslider flexslider-hover-type-none\"><ul class=\"slides\"><li><a href=\"https:\/\/portal.segeplan.gob.gt\/segeplan\/?p=15780\" aria-label=\"SEGEPLAN participa en reuni\u00f3n sobre IA y desarrollo humano en M\u00e9xico\" class=\"hover-type-none\"><img decoding=\"async\" width=\"700\" height=\"441\" src=\"https:\/\/portal.segeplan.gob.gt\/segeplan\/wp-content\/uploads\/2026\/07\/foto-Portal-web-Julio-29-700x441.jpg\" class=\"attachment-recent-posts size-recent-posts lazyload\" alt=\"\" srcset=\"data:image\/svg+xml,%3Csvg%20xmlns%3D%27http%3A%2F%2Fwww.w3.org%2F2000%2Fsvg%27%20width%3D%272560%27%20height%3D%271202%27%20viewBox%3D%270%200%202560%201202%27%3E%3Crect%20width%3D%272560%27%20height%3D%271202%27%20fill-opacity%3D%220%22%2F%3E%3C%2Fsvg%3E\" data-orig-src=\"https:\/\/portal.segeplan.gob.gt\/segeplan\/wp-content\/uploads\/2026\/07\/foto-Portal-web-Julio-29-700x441.jpg\" data-srcset=\"https:\/\/portal.segeplan.gob.gt\/segeplan\/wp-content\/uploads\/2026\/07\/foto-Portal-web-Julio-29-320x202.jpg 320w, https:\/\/portal.segeplan.gob.gt\/segeplan\/wp-content\/uploads\/2026\/07\/foto-Portal-web-Julio-29-700x441.jpg 700w\" data-sizes=\"auto\" \/><\/a><\/li><\/ul><\/div><div class=\"recent-posts-content\"><span class=\"vcard\" style=\"display: none;\"><span class=\"fn\"><a href=\"https:\/\/portal.segeplan.gob.gt\/segeplan\/?author=4\" rel=\"author\">Francisco Jose Ericastilla Lazo<\/a><\/span><\/span><span class=\"updated\" style=\"display:none;\">2026-07-31T07:26:03-06:00<\/span><h4 class=\"entry-title\"><a href=\"https:\/\/portal.segeplan.gob.gt\/segeplan\/?p=15780\">SEGEPLAN participa en reuni\u00f3n sobre IA y desarrollo humano en M\u00e9xico<\/a><\/h4><p class=\"meta\"><span class=\"vcard\" style=\"display: none;\"><span class=\"fn\"><a href=\"https:\/\/portal.segeplan.gob.gt\/segeplan\/?author=4\" rel=\"author\">Francisco Jose Ericastilla Lazo<\/a><\/span><\/span><span class=\"updated\" style=\"display:none;\">2026-07-31T07:26:03-06:00<\/span><span>julio 30th, 2026<\/span><span class=\"fusion-inline-sep\">|<\/span><span class=\"fusion-comments\"><a href=\"https:\/\/portal.segeplan.gob.gt\/segeplan\/?p=15780#respond\">0 Comments<\/a><\/span><\/p><p>Guatemala, 29 de julio de 2026. Carlos Mendoza, titular de la Secretar\u00eda de Planificaci\u00f3n y Programaci\u00f3n de la Presidencia (SEGEPLAN) tuvo activa participaci\u00f3n en la reuni\u00f3n sobre Inteligencia Artificial y Desarrollo Humano, convocada por la<\/p><\/div><\/article><article class=\"post fusion-column column col col-lg-4 col-md-4 col-sm-4\"><div class=\"fusion-flexslider fusion-flexslider-loading flexslider flexslider-hover-type-none\"><ul class=\"slides\"><li><a href=\"https:\/\/portal.segeplan.gob.gt\/segeplan\/?p=15736\" aria-label=\"Instituciones buscan fortalecer la Infraestructura de Datos Espaciales de Guatemala\" class=\"hover-type-none\"><img decoding=\"async\" width=\"700\" height=\"441\" src=\"https:\/\/portal.segeplan.gob.gt\/segeplan\/wp-content\/uploads\/2026\/07\/foto-Portal-web-Julio-28-700x441.jpg\" class=\"attachment-recent-posts size-recent-posts lazyload\" alt=\"\" srcset=\"data:image\/svg+xml,%3Csvg%20xmlns%3D%27http%3A%2F%2Fwww.w3.org%2F2000%2Fsvg%27%20width%3D%272560%27%20height%3D%271202%27%20viewBox%3D%270%200%202560%201202%27%3E%3Crect%20width%3D%272560%27%20height%3D%271202%27%20fill-opacity%3D%220%22%2F%3E%3C%2Fsvg%3E\" data-orig-src=\"https:\/\/portal.segeplan.gob.gt\/segeplan\/wp-content\/uploads\/2026\/07\/foto-Portal-web-Julio-28-700x441.jpg\" data-srcset=\"https:\/\/portal.segeplan.gob.gt\/segeplan\/wp-content\/uploads\/2026\/07\/foto-Portal-web-Julio-28-320x202.jpg 320w, https:\/\/portal.segeplan.gob.gt\/segeplan\/wp-content\/uploads\/2026\/07\/foto-Portal-web-Julio-28-700x441.jpg 700w\" data-sizes=\"auto\" \/><\/a><\/li><\/ul><\/div><div class=\"recent-posts-content\"><span class=\"vcard\" style=\"display: none;\"><span class=\"fn\"><a href=\"https:\/\/portal.segeplan.gob.gt\/segeplan\/?author=4\" rel=\"author\">Francisco Jose Ericastilla Lazo<\/a><\/span><\/span><span class=\"updated\" style=\"display:none;\">2026-07-31T07:24:24-06:00<\/span><h4 class=\"entry-title\"><a href=\"https:\/\/portal.segeplan.gob.gt\/segeplan\/?p=15736\">Instituciones buscan fortalecer la Infraestructura de Datos Espaciales de Guatemala<\/a><\/h4><p class=\"meta\"><span class=\"vcard\" style=\"display: none;\"><span class=\"fn\"><a href=\"https:\/\/portal.segeplan.gob.gt\/segeplan\/?author=4\" rel=\"author\">Francisco Jose Ericastilla Lazo<\/a><\/span><\/span><span class=\"updated\" style=\"display:none;\">2026-07-31T07:24:24-06:00<\/span><span>julio 29th, 2026<\/span><span class=\"fusion-inline-sep\">|<\/span><span class=\"fusion-comments\"><a href=\"https:\/\/portal.segeplan.gob.gt\/segeplan\/?p=15736#respond\">0 Comments<\/a><\/span><\/p><p> Guatemala, 28 de julio de 2026. Instituciones p\u00fablicas, universidades y municipalidades participaron en un taller con el objetivo de fortalecer la Infraestructura de Datos Espaciales de Guatemala (IDEG) para que contribuya a\u00fan m\u00e1s a<\/p><\/div><\/article><article class=\"post fusion-column column col col-lg-4 col-md-4 col-sm-4\"><div class=\"fusion-flexslider fusion-flexslider-loading flexslider flexslider-hover-type-none\"><ul class=\"slides\"><li><a href=\"https:\/\/portal.segeplan.gob.gt\/segeplan\/?p=15729\" aria-label=\"Firma de Convenio de Cooperaci\u00f3n Interinstitucional SEGEPLAN &#8211; FEAPDIVIGUA\" class=\"hover-type-none\"><img decoding=\"async\" width=\"700\" height=\"441\" src=\"https:\/\/portal.segeplan.gob.gt\/segeplan\/wp-content\/uploads\/2026\/07\/foto-Portal-web-Julio-24-700x441.jpg\" class=\"attachment-recent-posts size-recent-posts lazyload\" alt=\"\" srcset=\"data:image\/svg+xml,%3Csvg%20xmlns%3D%27http%3A%2F%2Fwww.w3.org%2F2000%2Fsvg%27%20width%3D%272560%27%20height%3D%271202%27%20viewBox%3D%270%200%202560%201202%27%3E%3Crect%20width%3D%272560%27%20height%3D%271202%27%20fill-opacity%3D%220%22%2F%3E%3C%2Fsvg%3E\" data-orig-src=\"https:\/\/portal.segeplan.gob.gt\/segeplan\/wp-content\/uploads\/2026\/07\/foto-Portal-web-Julio-24-700x441.jpg\" data-srcset=\"https:\/\/portal.segeplan.gob.gt\/segeplan\/wp-content\/uploads\/2026\/07\/foto-Portal-web-Julio-24-320x202.jpg 320w, https:\/\/portal.segeplan.gob.gt\/segeplan\/wp-content\/uploads\/2026\/07\/foto-Portal-web-Julio-24-700x441.jpg 700w\" data-sizes=\"auto\" \/><\/a><\/li><\/ul><\/div><div class=\"recent-posts-content\"><span class=\"vcard\" style=\"display: none;\"><span class=\"fn\"><a href=\"https:\/\/portal.segeplan.gob.gt\/segeplan\/?author=4\" rel=\"author\">Francisco Jose Ericastilla Lazo<\/a><\/span><\/span><span class=\"updated\" style=\"display:none;\">2026-07-31T07:28:17-06:00<\/span><h4 class=\"entry-title\"><a href=\"https:\/\/portal.segeplan.gob.gt\/segeplan\/?p=15729\">Firma de Convenio de Cooperaci\u00f3n Interinstitucional SEGEPLAN &#8211; FEAPDIVIGUA<\/a><\/h4><p class=\"meta\"><span class=\"vcard\" style=\"display: none;\"><span class=\"fn\"><a href=\"https:\/\/portal.segeplan.gob.gt\/segeplan\/?author=4\" rel=\"author\">Francisco Jose Ericastilla Lazo<\/a><\/span><\/span><span class=\"updated\" style=\"display:none;\">2026-07-31T07:28:17-06:00<\/span><span>julio 24th, 2026<\/span><span class=\"fusion-inline-sep\">|<\/span><span class=\"fusion-comments\"><a href=\"https:\/\/portal.segeplan.gob.gt\/segeplan\/?p=15729#respond\">0 Comments<\/a><\/span><\/p><p>Guatemala, 24 de julio de 2026. La Secretar\u00eda de Planificaci\u00f3n y Programaci\u00f3n de la Presidencia (SEGEPLAN) y la Federaci\u00f3n de Asociaciones de Personas con Discapacidad Visual de Guatemala (FEAPDIVIGUA) suscribieron un convenio de cooperaci\u00f3n interinstitucional<\/p><\/div><\/article><article class=\"post fusion-column column col col-lg-4 col-md-4 col-sm-4\"><div class=\"fusion-flexslider fusion-flexslider-loading flexslider flexslider-hover-type-none\"><ul class=\"slides\"><li><a href=\"https:\/\/portal.segeplan.gob.gt\/segeplan\/?p=15721\" aria-label=\"SEGEPLAN participa en evento de alto nivel sobre inversi\u00f3n p\u00fablica en Am\u00e9rica Latina y el Caribe\" class=\"hover-type-none\"><img decoding=\"async\" width=\"700\" height=\"441\" src=\"https:\/\/portal.segeplan.gob.gt\/segeplan\/wp-content\/uploads\/2026\/07\/foto-Portal-web-Julio-23-700x441.jpg\" class=\"attachment-recent-posts size-recent-posts lazyload\" alt=\"\" srcset=\"data:image\/svg+xml,%3Csvg%20xmlns%3D%27http%3A%2F%2Fwww.w3.org%2F2000%2Fsvg%27%20width%3D%272560%27%20height%3D%271202%27%20viewBox%3D%270%200%202560%201202%27%3E%3Crect%20width%3D%272560%27%20height%3D%271202%27%20fill-opacity%3D%220%22%2F%3E%3C%2Fsvg%3E\" data-orig-src=\"https:\/\/portal.segeplan.gob.gt\/segeplan\/wp-content\/uploads\/2026\/07\/foto-Portal-web-Julio-23-700x441.jpg\" data-srcset=\"https:\/\/portal.segeplan.gob.gt\/segeplan\/wp-content\/uploads\/2026\/07\/foto-Portal-web-Julio-23-320x202.jpg 320w, https:\/\/portal.segeplan.gob.gt\/segeplan\/wp-content\/uploads\/2026\/07\/foto-Portal-web-Julio-23-700x441.jpg 700w\" data-sizes=\"auto\" \/><\/a><\/li><\/ul><\/div><div class=\"recent-posts-content\"><span class=\"vcard\" style=\"display: none;\"><span class=\"fn\"><a href=\"https:\/\/portal.segeplan.gob.gt\/segeplan\/?author=4\" rel=\"author\">Francisco Jose Ericastilla Lazo<\/a><\/span><\/span><span class=\"updated\" style=\"display:none;\">2026-07-31T07:27:14-06:00<\/span><h4 class=\"entry-title\"><a href=\"https:\/\/portal.segeplan.gob.gt\/segeplan\/?p=15721\">SEGEPLAN participa en evento de alto nivel sobre inversi\u00f3n p\u00fablica en Am\u00e9rica Latina y el Caribe<\/a><\/h4><p class=\"meta\"><span class=\"vcard\" style=\"display: none;\"><span class=\"fn\"><a href=\"https:\/\/portal.segeplan.gob.gt\/segeplan\/?author=4\" rel=\"author\">Francisco Jose Ericastilla Lazo<\/a><\/span><\/span><span class=\"updated\" style=\"display:none;\">2026-07-31T07:27:14-06:00<\/span><span>julio 24th, 2026<\/span><span class=\"fusion-inline-sep\">|<\/span><span class=\"fusion-comments\"><a href=\"https:\/\/portal.segeplan.gob.gt\/segeplan\/?p=15721#respond\">0 Comments<\/a><\/span><\/p><p>Guatemala, 22 de julio de 2026. Nuestro pa\u00eds participa en el XIV Seminario de la Red de Sistemas Nacionales de Inversi\u00f3n P\u00fablica (Red SNIP) de Am\u00e9rica Latina y el Caribe, que se desarrolla en Asunci\u00f3n,<\/p><\/div><\/article><\/section><\/div><\/div><style type=\"text\/css\">.fusion-body .fusion-builder-column-0{width:100% !important;margin-top : 0px;margin-bottom : 20px;}.fusion-builder-column-0 > .fusion-column-wrapper {padding-top : 0px !important;padding-right : 0px !important;margin-right : 1.92%;padding-bottom : 0px !important;padding-left : 0px !important;margin-left : 1.92%;}@media only screen and (max-width:1024px) {.fusion-body .fusion-builder-column-0{width:100% !important;order : 0;}.fusion-builder-column-0 > .fusion-column-wrapper {margin-right : 1.92%;margin-left : 1.92%;}}@media only screen and (max-width:640px) {.fusion-body .fusion-builder-column-0{width:100% !important;order : 0;}.fusion-builder-column-0 > .fusion-column-wrapper {margin-right : 1.92%;margin-left : 1.92%;}}<\/style><\/div><\/div><style type=\"text\/css\">.fusion-body .fusion-flex-container.fusion-builder-row-1{ padding-top : 0px;margin-top : 0px;padding-right : 0px;padding-bottom : 0px;margin-bottom : 0px;padding-left : 0px;}<\/style><\/div>\n","protected":false},"excerpt":{"rendered":"","protected":false},"author":1,"featured_media":0,"parent":0,"menu_order":0,"comment_status":"closed","ping_status":"closed","template":"","meta":{"footnotes":""},"class_list":["post-7505","page","type-page","status-publish","hentry"],"_links":{"self":[{"href":"https:\/\/portal.segeplan.gob.gt\/segeplan\/index.php?rest_route=\/wp\/v2\/pages\/7505","targetHints":{"allow":["GET"]}}],"collection":[{"href":"https:\/\/portal.segeplan.gob.gt\/segeplan\/index.php?rest_route=\/wp\/v2\/pages"}],"about":[{"href":"https:\/\/portal.segeplan.gob.gt\/segeplan\/index.php?rest_route=\/wp\/v2\/types\/page"}],"author":[{"embeddable":true,"href":"https:\/\/portal.segeplan.gob.gt\/segeplan\/index.php?rest_route=\/wp\/v2\/users\/1"}],"replies":[{"embeddable":true,"href":"https:\/\/portal.segeplan.gob.gt\/segeplan\/index.php?rest_route=%2Fwp%2Fv2%2Fcomments&post=7505"}],"version-history":[{"count":17,"href":"https:\/\/portal.segeplan.gob.gt\/segeplan\/index.php?rest_route=\/wp\/v2\/pages\/7505\/revisions"}],"predecessor-version":[{"id":7524,"href":"https:\/\/portal.segeplan.gob.gt\/segeplan\/index.php?rest_route=\/wp\/v2\/pages\/7505\/revisions\/7524"}],"wp:attachment":[{"href":"https:\/\/portal.segeplan.gob.gt\/segeplan\/index.php?rest_route=%2Fwp%2Fv2%2Fmedia&parent=7505"}],"curies":[{"name":"wp","href":"https:\/\/api.w.org\/{rel}","templated":true}]}}